{"id":25,"date":"2015-10-20T08:53:11","date_gmt":"2015-10-20T07:53:11","guid":{"rendered":"http:\/\/www.cfatelier.com\/adc\/?page_id=25"},"modified":"2017-03-15T15:16:41","modified_gmt":"2017-03-15T14:16:41","slug":"expression-de-soi","status":"publish","type":"page","link":"https:\/\/www.cfatelier.com\/adc\/expression-de-soi\/","title":{"rendered":"Expression de soi"},"content":{"rendered":"<div id=\"pl-25\"  class=\"panel-layout\" ><div id=\"pg-25-0\"  class=\"panel-grid panel-no-style\" ><div id=\"pgc-25-0-0\"  class=\"panel-grid-cell\" ><div id=\"panel-25-0-0-0\" class=\"so-panel widget widget_black-studio-tinymce widget_black_studio_tinymce panel-first-child panel-last-child\" data-index=\"0\" ><div class=\"textwidget\"><h3 style=\"text-align: center;\"><strong>Cet atelier est anim\u00e9 par Eric MEYER.\u00a0<\/strong><\/h3>\n<h3 style=\"text-align: center;\"><strong>C'est un atelier qui permet de s'exprimer et surtout de vaincre sa timidit\u00e9 ou ses\u00a0peurs.<\/strong><\/h3>\n<\/div><\/div><\/div><\/div><div id=\"pg-25-1\"  class=\"panel-grid panel-no-style\" ><div id=\"pgc-25-1-0\"  class=\"panel-grid-cell\" ><div id=\"panel-25-1-0-0\" class=\"so-panel widget widget_metaslider_widget panel-first-child panel-last-child\" data-index=\"1\" ><div id=\"metaslider-id-214\" style=\"max-width: 700px; margin: 0 auto;\" class=\"ml-slider-3-27-5 metaslider metaslider-flex metaslider-214 ml-slider nav-hidden\">\n    <div id=\"metaslider_container_214\">\n        <div id=\"metaslider_214\">\n            <ul aria-live=\"polite\" class=\"slides\">\n                <li style=\"display: block; width: 100%;\" class=\"slide-211 ms-image\"><img width=\"900\" height=\"597\" src=\"https:\/\/www.cfatelier.com\/adc\/wp-content\/uploads\/2015\/11\/adc-selestat-atelier-expression-de-soi-3.jpg\" class=\"slider-214 slide-211\" alt=\"\" loading=\"lazy\" rel=\"\" title=\"\" style=\"margin: 0 auto; width: 86.145010768126%\" srcset=\"https:\/\/www.cfatelier.com\/adc\/wp-content\/uploads\/2015\/11\/adc-selestat-atelier-expression-de-soi-3.jpg 900w, https:\/\/www.cfatelier.com\/adc\/wp-content\/uploads\/2015\/11\/adc-selestat-atelier-expression-de-soi-3-300x199.jpg 300w\" sizes=\"(max-width: 900px) 100vw, 900px\" \/><\/li>\n                <li style=\"display: none; width: 100%;\" class=\"slide-210 ms-image\"><img width=\"900\" height=\"597\" src=\"https:\/\/www.cfatelier.com\/adc\/wp-content\/uploads\/2015\/11\/adc-selestat-atelier-expression-de-soi-2.jpg\" class=\"slider-214 slide-210\" alt=\"Expression de soi \" loading=\"lazy\" rel=\"\" title=\"\" style=\"margin: 0 auto; width: 86.145010768126%\" srcset=\"https:\/\/www.cfatelier.com\/adc\/wp-content\/uploads\/2015\/11\/adc-selestat-atelier-expression-de-soi-2.jpg 900w, https:\/\/www.cfatelier.com\/adc\/wp-content\/uploads\/2015\/11\/adc-selestat-atelier-expression-de-soi-2-300x199.jpg 300w\" sizes=\"(max-width: 900px) 100vw, 900px\" \/><div class=\"caption-wrap\"><div class=\"caption\">Expression<\/div><\/div><\/li>\n                <li style=\"display: none; width: 100%;\" class=\"slide-209 ms-image\"><img width=\"900\" height=\"597\" src=\"https:\/\/www.cfatelier.com\/adc\/wp-content\/uploads\/2015\/11\/adc-selestat-atelier-expression-de-soi-1.jpg\" class=\"slider-214 slide-209\" alt=\"\" loading=\"lazy\" rel=\"\" title=\"\" style=\"margin: 0 auto; width: 86.145010768126%\" srcset=\"https:\/\/www.cfatelier.com\/adc\/wp-content\/uploads\/2015\/11\/adc-selestat-atelier-expression-de-soi-1.jpg 900w, https:\/\/www.cfatelier.com\/adc\/wp-content\/uploads\/2015\/11\/adc-selestat-atelier-expression-de-soi-1-300x199.jpg 300w\" sizes=\"(max-width: 900px) 100vw, 900px\" \/><\/li>\n                <li style=\"display: none; width: 100%;\" class=\"slide-150 ms-image\"><img width=\"900\" height=\"597\" src=\"https:\/\/www.cfatelier.com\/adc\/wp-content\/uploads\/2015\/11\/DSC_0076.jpg\" class=\"slider-214 slide-150\" alt=\"\" loading=\"lazy\" rel=\"\" title=\"\" style=\"margin: 0 auto; width: 86.145010768126%\" srcset=\"https:\/\/www.cfatelier.com\/adc\/wp-content\/uploads\/2015\/11\/DSC_0076.jpg 900w, https:\/\/www.cfatelier.com\/adc\/wp-content\/uploads\/2015\/11\/DSC_0076-300x199.jpg 300w\" sizes=\"(max-width: 900px) 100vw, 900px\" \/><\/li>\n            <\/ul>\n        <\/div>\n        \n    <\/div>\n<\/div><\/div><\/div><\/div><div id=\"pg-25-2\"  class=\"panel-grid panel-has-style\" ><div class=\"siteorigin-panels-stretch panel-row-style panel-row-style-for-25-2\" data-stretch-type=\"full\" ><div id=\"pgc-25-2-0\"  class=\"panel-grid-cell\" ><div id=\"panel-25-2-0-0\" class=\"so-panel widget widget_shortcodes-ultimate shortcodes-ultimate panel-first-child panel-last-child\" data-index=\"2\" ><div class=\"textwidget\"><div class=\"su-box su-box-style-glass\" id=\"\" style=\"border-color:#000039;border-radius:3px\"><div class=\"su-box-title\" style=\"background-color:#09316C;color:#FFFFFF;border-top-left-radius:1px;border-top-right-radius:1px\">Objectifs<\/div><div class=\"su-box-content su-u-clearfix su-u-trim\" style=\"border-bottom-left-radius:1px;border-bottom-right-radius:1px\">\n<ul>\n<li>Vaincre sa timidit\u00e9 et s\u2019affirmer<\/li>\n<li>Surmonter ses \u00e9motions<\/li>\n<li>Prendre la parole en public<\/li>\n<li>Exprimer ses id\u00e9es et donner son avis<\/li>\n<li>Argumenter et \u00eatre convainquant<\/li>\n<li>Etre ouvert et ne pas juger, savoir \u00e9couter et \u00eatre patient<\/li>\n<\/ul>\n\n\n\n\n\n\n<\/div><\/div><\/div><\/div><\/div><div id=\"pgc-25-2-1\"  class=\"panel-grid-cell\" ><div id=\"panel-25-2-1-0\" class=\"so-panel widget widget_shortcodes-ultimate shortcodes-ultimate panel-first-child panel-last-child\" data-index=\"3\" ><div class=\"textwidget\"><div class=\"su-box su-box-style-glass\" id=\"\" style=\"border-color:#000039;border-radius:3px\"><div class=\"su-box-title\" style=\"background-color:#09316C;color:#FFFFFF;border-top-left-radius:1px;border-top-right-radius:1px\">Activit\u00e9s<\/div><div class=\"su-box-content su-u-clearfix su-u-trim\" style=\"border-bottom-left-radius:1px;border-bottom-right-radius:1px\"><ul>\n<br>\n<li>Travailler \u00e0 partir d&rsquo;une image, d&rsquo;un sujet ou d&rsquo;une histoire v\u00e9cue pour pouvoir d\u00e9crire ce que l&rsquo;on voit ou ce que l&rsquo;on pense.<\/li>\n<li>Analyser, d\u00e9crypter, rechercher des indices pour d\u00e9clencher des r\u00e9actions et des d\u00e9bats sur le sujet propos\u00e9.<\/li>\n<li>Faire une description objective ou donner son avis \u00e0 partir d&rsquo;une image. <\/li>\n<br>\n<\/ul><\/div><\/div><\/div><\/div><\/div><\/div><\/div><div id=\"pg-25-3\"  class=\"panel-grid panel-no-style\" ><div id=\"pgc-25-3-0\"  class=\"panel-grid-cell\" ><div id=\"panel-25-3-0-0\" class=\"so-panel widget widget_shortcodes-ultimate shortcodes-ultimate panel-first-child panel-last-child\" data-index=\"4\" ><div class=\"textwidget\"><div class=\"su-box su-box-style-glass\" id=\"\" style=\"border-color:#000039;border-radius:3px\"><div class=\"su-box-title\" style=\"background-color:#09316C;color:#FFFFFF;border-top-left-radius:1px;border-top-right-radius:1px\">T\u00e9moignages<\/div><div class=\"su-box-content su-u-clearfix su-u-trim\" style=\"border-bottom-left-radius:1px;border-bottom-right-radius:1px\">\n<h3>\n<em>\u00a0\u00bb C&rsquo;est un atelier o\u00f9 l&rsquo;on peut exprimer nos id\u00e9es, ne pas avoir peur de prendre la parole et surtout d\u00e9velopper sa confiance en soi.\u00a0\u00bb <\/em>       \u00a0 Christelle\n<div class=\"su-spacer\" style=\"height:20px\"><\/div>\n<em>\u00a0\u00bb Dans l&rsquo;atelier d&rsquo;expression de soi, on parle de caricatures et de bandes dessin\u00e9es. Sur quelques photos,on peut voir plus loin que le bout de son nez.\u00a0\u00bb<\/em>\u00a0 Bruno\n<div class=\"su-spacer\" style=\"height:20px\"><\/div>\n<em>\u00a0\u00bb On est motiv\u00e9 par l&rsquo;animateur qui nous apprend des choses et c&rsquo;est tr\u00e8s int\u00e9ressant. A conseiller ! \u00a0\u00bb <\/em>    Agn\u00e8s\n<div class=\"su-spacer\" style=\"height:20px\"><\/div>\n<em>\u00a0\u00bb Permet d&rsquo;avoir diff\u00e9rentes opinions et de mieux s&rsquo;exprimer.\u00a0\u00bb<\/em>\u00a0\u00a0G\u00e9raldine\n<\/div><\/div>\n<\/div><\/div><\/div><\/div><\/div>","protected":false},"excerpt":{"rendered":"<p>Cet atelier est anim\u00e9 par Eric MEYER.\u00a0C&rsquo;est un atelier qui permet de s&rsquo;exprimer et surtout de vaincre sa timidit\u00e9 ou ses\u00a0peurs.<\/p>\n","protected":false},"author":6,"featured_media":0,"parent":0,"menu_order":0,"comment_status":"closed","ping_status":"closed","template":"page-templates\/template-fullwidth.php","meta":{"_mi_skip_tracking":false},"_links":{"self":[{"href":"https:\/\/www.cfatelier.com\/adc\/wp-json\/wp\/v2\/pages\/25"}],"collection":[{"href":"https:\/\/www.cfatelier.com\/adc\/wp-json\/wp\/v2\/pages"}],"about":[{"href":"https:\/\/www.cfatelier.com\/adc\/wp-json\/wp\/v2\/types\/page"}],"author":[{"embeddable":true,"href":"https:\/\/www.cfatelier.com\/adc\/wp-json\/wp\/v2\/users\/6"}],"replies":[{"embeddable":true,"href":"https:\/\/www.cfatelier.com\/adc\/wp-json\/wp\/v2\/comments?post=25"}],"version-history":[{"count":44,"href":"https:\/\/www.cfatelier.com\/adc\/wp-json\/wp\/v2\/pages\/25\/revisions"}],"predecessor-version":[{"id":726,"href":"https:\/\/www.cfatelier.com\/adc\/wp-json\/wp\/v2\/pages\/25\/revisions\/726"}],"wp:attachment":[{"href":"https:\/\/www.cfatelier.com\/adc\/wp-json\/wp\/v2\/media?parent=25"}],"curies":[{"name":"wp","href":"https:\/\/api.w.org\/{rel}","templated":true}]}}