{"id":310,"date":"2015-12-08T10:09:08","date_gmt":"2015-12-08T09:09:08","guid":{"rendered":"http:\/\/www.cfatelier.com\/adc\/?page_id=310"},"modified":"2019-01-10T09:42:50","modified_gmt":"2019-01-10T08:42:50","slug":"projet-professionnel","status":"publish","type":"page","link":"https:\/\/www.cfatelier.com\/adc\/projet-professionnel\/","title":{"rendered":"Projet professionnel"},"content":{"rendered":"<div id=\"pl-310\"  class=\"panel-layout\" ><div id=\"pg-310-0\"  class=\"panel-grid panel-no-style\" ><div id=\"pgc-310-0-0\"  class=\"panel-grid-cell\" ><div id=\"panel-310-0-0-0\" class=\"so-panel widget widget_black-studio-tinymce widget_black_studio_tinymce panel-first-child panel-last-child\" data-index=\"0\" ><div class=\"textwidget\"><h3 style=\"text-align: center;\"><strong>C'est un atelier qui permet de d\u00e9finir son projet professionnel.<\/strong><\/h3>\n<\/div><\/div><\/div><\/div><div id=\"pg-310-1\"  class=\"panel-grid panel-no-style\" ><div id=\"pgc-310-1-0\"  class=\"panel-grid-cell\" ><div id=\"panel-310-1-0-0\" class=\"so-panel widget widget_sow-image panel-first-child panel-last-child\" data-index=\"1\" ><div\n\t\t\t\n\t\t\tclass=\"so-widget-sow-image so-widget-sow-image-default-4b231843ec72-310\"\n\t\t\t\n\t\t>\n\n<div class=\"sow-image-container\">\n\t\t<img src=\"https:\/\/www.cfatelier.com\/adc\/wp-content\/uploads\/2015\/12\/adc-selestat-projet-pro.jpg\" width=\"900\" height=\"460\" srcset=\"https:\/\/www.cfatelier.com\/adc\/wp-content\/uploads\/2015\/12\/adc-selestat-projet-pro.jpg 900w, https:\/\/www.cfatelier.com\/adc\/wp-content\/uploads\/2015\/12\/adc-selestat-projet-pro-300x153.jpg 300w\" sizes=\"(max-width: 900px) 100vw, 900px\" title=\"Communication-entreprise\" alt=\"Communication\" loading=\"lazy\" \t\tclass=\"so-widget-image\"\/>\n\t<\/div>\n\n<\/div><\/div><\/div><\/div><div id=\"pg-310-2\"  class=\"panel-grid panel-no-style\" ><div id=\"pgc-310-2-0\"  class=\"panel-grid-cell\" ><div id=\"panel-310-2-0-0\" class=\"so-panel widget widget_shortcodes-ultimate shortcodes-ultimate panel-first-child panel-last-child\" data-index=\"2\" ><div class=\"textwidget\"><div class=\"su-box su-box-style-glass\" id=\"\" style=\"border-color:#000039;border-radius:3px\"><div class=\"su-box-title\" style=\"background-color:#09316C;color:#FFFFFF;border-top-left-radius:1px;border-top-right-radius:1px\">Objectifs<\/div><div class=\"su-box-content su-u-clearfix su-u-trim\" style=\"border-bottom-left-radius:1px;border-bottom-right-radius:1px\">\n<ul>\n<li>S&rsquo;approprier la d\u00e9marche et la notion de projet professionnel<\/li>\n<li>D\u00e9finir ses valeurs et centre d&rsquo;int\u00e9r\u00eats<\/li>\n<li>D\u00e9finir ses freins et difficult\u00e9s<\/li>\n<li>Faire un bilan de ses comp\u00e9tences et qualit\u00e9s <\/li>\n<li>Approfondir sa connaissance des m\u00e9tiers <\/li>\n<li>Rechercher un stage ou une formation<\/li>\n<li>Savoir travailler en \u00e9quipe<\/li>\n<li>Prendre la parole en public et exprimer ses id\u00e9es et son avis<\/li>\n<\/ul>\n\n\n\n\n\n\n<\/div><\/div><\/div><\/div><\/div><div id=\"pgc-310-2-1\"  class=\"panel-grid-cell\" ><div id=\"panel-310-2-1-0\" class=\"so-panel widget widget_shortcodes-ultimate shortcodes-ultimate panel-first-child panel-last-child\" data-index=\"3\" ><div class=\"textwidget\"><div class=\"su-box su-box-style-glass\" id=\"\" style=\"border-color:#000039;border-radius:3px\"><div class=\"su-box-title\" style=\"background-color:#09316C;color:#FFFFFF;border-top-left-radius:1px;border-top-right-radius:1px\">Exemples d'activit\u00e9s<\/div><div class=\"su-box-content su-u-clearfix su-u-trim\" style=\"border-bottom-left-radius:1px;border-bottom-right-radius:1px\"><ul>\n<li>Travailler a partir d &lsquo;une image d&rsquo;un jeu pour d\u00e9finir ses centres d&rsquo;int\u00e9r\u00eats ou pouvoir comparer les points positifs et n\u00e9gatifs d&rsquo;un m\u00e9tier<\/li>\n<li>Faire un bilan des exp\u00e9riences extra-professionnelles et des comp\u00e9tences qu&rsquo;on y d\u00e9veloppe<\/li>\n<li>Faire des recherches sur internet pour pouvoir remplir des fiches m\u00e9tiers<\/li>\n<li>Pr\u00e9parer une enqu\u00eate m\u00e9tier et interroger un professionnel<\/li>\n<li>Rechercher un stage pour valider son projet professionnel ou une formation<\/li>\n<br>\n<\/ul><\/div><\/div><\/div><\/div><\/div><\/div><div id=\"pg-310-3\"  class=\"panel-grid panel-no-style\" ><div id=\"pgc-310-3-0\"  class=\"panel-grid-cell\" ><div id=\"panel-310-3-0-0\" class=\"so-panel widget widget_shortcodes-ultimate shortcodes-ultimate panel-first-child panel-last-child\" data-index=\"4\" ><div class=\"textwidget\"><div class=\"su-box su-box-style-glass\" id=\"\" style=\"border-color:#000039;border-radius:3px\"><div class=\"su-box-title\" style=\"background-color:#09316C;color:#FFFFFF;border-top-left-radius:1px;border-top-right-radius:1px\">T\u00e9moignages<\/div><div class=\"su-box-content su-u-clearfix su-u-trim\" style=\"border-bottom-left-radius:1px;border-bottom-right-radius:1px\">\n<h4><em>\u00ab\u00a0Des milliers de m\u00e9tiers nous sont propos\u00e9s. Cet atelier m&rsquo;a permis de faire le tri dans mes diff\u00e9rentes envies de projet professionnel.\u00a0\u00bb<\/em>   John<\/h4>\n<br>\n<h4><em>\u00ab\u00a0Dans cet atelier, je me suis donn\u00e9e les moyens pour d\u00e9finir un m\u00e9tier adapt\u00e9.\u00a0\u00bb <\/em>  Christelle<\/h4>\n<br>\n<h4><em>\u00ab\u00a0C&rsquo;est un atelier qui m&rsquo;a permis de d\u00e9couvrir des m\u00e9tiers vers lesquels je n&rsquo;aurais jamais pens\u00e9 me tourner.\u00a0\u00bb<\/em>    M\u00e9lanie<\/h4>\n<br>\n<\/div><\/div>\n<\/div><\/div><\/div><\/div><\/div>","protected":false},"excerpt":{"rendered":"<p>C&rsquo;est un atelier qui permet de d\u00e9finir son projet professionnel.<\/p>\n","protected":false},"author":2,"featured_media":0,"parent":0,"menu_order":0,"comment_status":"closed","ping_status":"closed","template":"page-templates\/template-fullwidth.php","meta":{"_mi_skip_tracking":false},"_links":{"self":[{"href":"https:\/\/www.cfatelier.com\/adc\/wp-json\/wp\/v2\/pages\/310"}],"collection":[{"href":"https:\/\/www.cfatelier.com\/adc\/wp-json\/wp\/v2\/pages"}],"about":[{"href":"https:\/\/www.cfatelier.com\/adc\/wp-json\/wp\/v2\/types\/page"}],"author":[{"embeddable":true,"href":"https:\/\/www.cfatelier.com\/adc\/wp-json\/wp\/v2\/users\/2"}],"replies":[{"embeddable":true,"href":"https:\/\/www.cfatelier.com\/adc\/wp-json\/wp\/v2\/comments?post=310"}],"version-history":[{"count":17,"href":"https:\/\/www.cfatelier.com\/adc\/wp-json\/wp\/v2\/pages\/310\/revisions"}],"predecessor-version":[{"id":1260,"href":"https:\/\/www.cfatelier.com\/adc\/wp-json\/wp\/v2\/pages\/310\/revisions\/1260"}],"wp:attachment":[{"href":"https:\/\/www.cfatelier.com\/adc\/wp-json\/wp\/v2\/media?parent=310"}],"curies":[{"name":"wp","href":"https:\/\/api.w.org\/{rel}","templated":true}]}}