{"id":34,"date":"2015-10-20T08:55:55","date_gmt":"2015-10-20T07:55:55","guid":{"rendered":"http:\/\/www.cfatelier.com\/adc\/?page_id=34"},"modified":"2017-11-08T10:41:08","modified_gmt":"2017-11-08T09:41:08","slug":"qui-sommes-nous","status":"publish","type":"page","link":"https:\/\/www.cfatelier.com\/adc\/qui-sommes-nous\/","title":{"rendered":"Qui sommes-nous?"},"content":{"rendered":"<div id=\"pl-34\"  class=\"panel-layout\" ><div id=\"pg-34-0\"  class=\"panel-grid panel-no-style\" ><div id=\"pgc-34-0-0\"  class=\"panel-grid-cell\" ><div id=\"panel-34-0-0-0\" class=\"so-panel widget widget_black-studio-tinymce widget_black_studio_tinymce panel-first-child panel-last-child\" data-index=\"0\" ><div class=\"textwidget\"><h2 style=\"text-align: justify;\"><strong>L\u2019Association l\u2019Atelier <\/strong><\/h2>\n<h3 style=\"text-align: justify;\">Les ADC sont port\u00e9s par l'association\u00a0l\u2019Atelier dont le si\u00e8ge se trouve\u00a0\u00e0 Strasbourg.<\/h3>\n<h3 style=\"text-align: justify;\">Centre de formation, l'Atelier propose diff\u00e9rents dispositifs d'insertion sociale et professionnel, dont l'<a href=\"http:\/\/www.e2c67.org\" target=\"_blank\">Ecole de la Deuxi\u00e8me Chance du Bas-Rhin<\/a>, ainsi que\u00a0des actions qualifiantes en restauration et espaces verts.<\/h3>\n<h3 style=\"text-align: justify;\">\u00a0<\/h3>\n<h3 style=\"text-align: justify;\">\u00a0<\/h3>\n<\/div><\/div><\/div><div id=\"pgc-34-0-1\"  class=\"panel-grid-cell\" ><div id=\"panel-34-0-1-0\" class=\"so-panel widget widget_black-studio-tinymce widget_black_studio_tinymce panel-first-child panel-last-child\" data-index=\"1\" ><div class=\"textwidget\"><h4 style=\"text-align: justify;\"><strong>Pour plus d\u2019informations sur les diff\u00e9rents dispositifs, vous pouvez contacter le si\u00e8ge de l\u2019association\u00a0:<\/strong><\/h4><h4 style=\"text-align: justify;\"><strong>Association l\u2019Atelier\u00a0<\/strong><br \/><strong>21 rue Livio\u00a0<\/strong><br \/><strong>67100 STRASBOURG<\/strong><\/h4><h4 style=\"text-align: justify;\"><strong>Tel\u00a0: 03 88 65 86 16<\/strong><\/h4><\/div><\/div><\/div><\/div><div id=\"pg-34-1\"  class=\"panel-grid panel-no-style\" ><div id=\"pgc-34-1-0\"  class=\"panel-grid-cell\" ><div id=\"panel-34-1-0-0\" class=\"so-panel widget widget_sow-image panel-first-child panel-last-child\" data-index=\"2\" ><div\n\t\t\t\n\t\t\tclass=\"so-widget-sow-image so-widget-sow-image-default-4b231843ec72-34\"\n\t\t\t\n\t\t>\n\n<div class=\"sow-image-container\">\n\t\t<img src=\"https:\/\/www.cfatelier.com\/adc\/wp-content\/uploads\/2015\/10\/Association-lAtelier-3.jpg\" width=\"900\" height=\"298\" srcset=\"https:\/\/www.cfatelier.com\/adc\/wp-content\/uploads\/2015\/10\/Association-lAtelier-3.jpg 900w, https:\/\/www.cfatelier.com\/adc\/wp-content\/uploads\/2015\/10\/Association-lAtelier-3-300x99.jpg 300w, https:\/\/www.cfatelier.com\/adc\/wp-content\/uploads\/2015\/10\/Association-lAtelier-3-768x254.jpg 768w, https:\/\/www.cfatelier.com\/adc\/wp-content\/uploads\/2015\/10\/Association-lAtelier-3-24x8.jpg 24w, https:\/\/www.cfatelier.com\/adc\/wp-content\/uploads\/2015\/10\/Association-lAtelier-3-36x12.jpg 36w, https:\/\/www.cfatelier.com\/adc\/wp-content\/uploads\/2015\/10\/Association-lAtelier-3-48x16.jpg 48w\" sizes=\"(max-width: 900px) 100vw, 900px\" title=\"Association l&rsquo;Atelier\" alt=\"\" loading=\"lazy\" \t\tclass=\"so-widget-image\"\/>\n\t<\/div>\n\n<\/div><\/div><\/div><\/div><div id=\"pg-34-2\"  class=\"panel-grid panel-no-style\" ><div id=\"pgc-34-2-0\"  class=\"panel-grid-cell panel-grid-cell-empty\" ><\/div><\/div><div id=\"pg-34-3\"  class=\"panel-grid panel-no-style\" ><div id=\"pgc-34-3-0\"  class=\"panel-grid-cell\" ><div id=\"panel-34-3-0-0\" class=\"so-panel widget widget_black-studio-tinymce widget_black_studio_tinymce panel-first-child panel-last-child\" data-index=\"3\" ><div class=\"textwidget\"><h3><strong>Les Ateliers \u00ab Passerelles \u00bb<\/strong><\/h3>\n<h4>L\u2019Association l\u2019Atelier propose des Ateliers \u00ab Passerelles \u00bb sur plusieurs sites :<\/h4>\n<ul>\n<li>\n<h4>ADC \u00e0 S\u00e9lestat,<\/h4>\n<\/li>\n<li>\n<h4>D\u00e9clic \u00e0 Molsheim (<a href=\"https:\/\/www.facebook.com\/declic.atelier.3\" target=\"_blank\">En savoir plus<\/a>)<\/h4>\n<\/li>\n<li>\n<h4>Padep \u00e0 Strasbourg.<\/h4>\n<\/li>\n<\/ul>\n<\/div><\/div><\/div><div id=\"pgc-34-3-1\"  class=\"panel-grid-cell\" ><div id=\"panel-34-3-1-0\" class=\"so-panel widget widget_black-studio-tinymce widget_black_studio_tinymce panel-first-child panel-last-child\" data-index=\"4\" ><div class=\"textwidget\"><h3><strong>Le dispositif 2\u00e8me Chance<\/strong><\/h3>\n<h4>A Strasbourg, le dispositif 2\u00e8me Chance est r\u00e9serv\u00e9 aux 16-25 ans sans qualification.\u00a0(<a href=\"http:\/\/www.e2c67.org\" target=\"_blank\">En savoir plus<\/a>)<\/h4>\n<ul>\n<li>\n<h4>Parcours 2\u00a0est un dispositif d\u2019entrainement \u00e0 la formation professionnelle<\/h4>\n<\/li>\n<li>\n<h4>L\u2019Ecole de la 2\u00e8me Chance permet de travailler le projet professionnel et de se remettre \u00e0 niveau.<\/h4>\n<\/li>\n<\/ul>\n<h4>\u00a0<\/h4>\n<\/div><\/div><\/div><\/div><div id=\"pg-34-4\"  class=\"panel-grid panel-no-style\" ><div id=\"pgc-34-4-0\"  class=\"panel-grid-cell\" ><div id=\"panel-34-4-0-0\" class=\"so-panel widget widget_black-studio-tinymce widget_black_studio_tinymce panel-first-child panel-last-child\" data-index=\"5\" ><div class=\"textwidget\"><h3><strong>Les dispositifs d\u2019insertion professionnelle<\/strong><\/h3>\n<h3 style=\"text-align: justify;\">A <a href=\"https:\/\/www.facebook.com\/atelier.daemolsheim?fref=ts\" target=\"_blank\">Molsheim<\/a> et <a href=\"https:\/\/www.facebook.com\/profile.php?id=100011054024711&amp;fref=ts\" target=\"_blank\">Haguenau<\/a>, le DAE (Dispositif d\u2019acc\u00e8s \u00e0 l\u2019emploi) propose\u00a0un accompagnement individualis\u00e9 aux b\u00e9n\u00e9ficiaires du RSA inscrits dans un parcours de retour \u00e0 l'emploi. (<a href=\"https:\/\/www.facebook.com\/atelier.daemolsheim?fref=ts\">En savoir plus<\/a>)<\/h3>\n<h3>\u00a0<\/h3>\n<p>\u00a0<\/p>\n<\/div><\/div><\/div><div id=\"pgc-34-4-1\"  class=\"panel-grid-cell\" ><div id=\"panel-34-4-1-0\" class=\"so-panel widget widget_black-studio-tinymce widget_black_studio_tinymce panel-first-child panel-last-child\" data-index=\"6\" ><div class=\"textwidget\"><h3><strong>Les pr\u00e9-qualifications et formations qualifiantes<\/strong><\/h3>\n<h4>Des pr\u00e9-qualifications et des formations qualifiantes sont propos\u00e9es \u00e0 Strasbourg dans les domaines suivants\u00a0:<\/h4>\n<ul>\n<li>\n<h4>Espaces verts (<a href=\"http:\/\/www.paysage.cfatelier.com\/\" target=\"_blank\">En savoir plus<\/a>)<\/h4>\n<\/li>\n<li>\n<h4>Restauration<\/h4>\n<\/li>\n<\/ul>\n<\/div><\/div><\/div><\/div><\/div>","protected":false},"excerpt":{"rendered":"<p>L\u2019Association l\u2019Atelier Les ADC sont port\u00e9s par l&rsquo;association\u00a0l\u2019Atelier dont le si\u00e8ge se trouve\u00a0\u00e0 Strasbourg.Centre de formation, l&rsquo;Atelier propose diff\u00e9rents dispositifs d&rsquo;insertion sociale et professionnel, dont l&rsquo;Ecole de la Deuxi\u00e8me Chance du Bas-Rhin, ainsi que\u00a0des actions qualifiantes en restauration et espaces verts.\u00a0\u00a0 Pour plus d\u2019informations sur les diff\u00e9rents dispositifs, vous pouvez contacter le si\u00e8ge de l\u2019association\u00a0:Association [&hellip;]<\/p>\n","protected":false},"author":6,"featured_media":0,"parent":0,"menu_order":0,"comment_status":"closed","ping_status":"closed","template":"page-templates\/template-fullwidth.php","meta":{"_mi_skip_tracking":false},"_links":{"self":[{"href":"https:\/\/www.cfatelier.com\/adc\/wp-json\/wp\/v2\/pages\/34"}],"collection":[{"href":"https:\/\/www.cfatelier.com\/adc\/wp-json\/wp\/v2\/pages"}],"about":[{"href":"https:\/\/www.cfatelier.com\/adc\/wp-json\/wp\/v2\/types\/page"}],"author":[{"embeddable":true,"href":"https:\/\/www.cfatelier.com\/adc\/wp-json\/wp\/v2\/users\/6"}],"replies":[{"embeddable":true,"href":"https:\/\/www.cfatelier.com\/adc\/wp-json\/wp\/v2\/comments?post=34"}],"version-history":[{"count":43,"href":"https:\/\/www.cfatelier.com\/adc\/wp-json\/wp\/v2\/pages\/34\/revisions"}],"predecessor-version":[{"id":574,"href":"https:\/\/www.cfatelier.com\/adc\/wp-json\/wp\/v2\/pages\/34\/revisions\/574"}],"wp:attachment":[{"href":"https:\/\/www.cfatelier.com\/adc\/wp-json\/wp\/v2\/media?parent=34"}],"curies":[{"name":"wp","href":"https:\/\/api.w.org\/{rel}","templated":true}]}}