{"id":37,"date":"2015-10-20T08:57:20","date_gmt":"2015-10-20T07:57:20","guid":{"rendered":"http:\/\/www.cfatelier.com\/adc\/?page_id=37"},"modified":"2018-12-20T14:25:15","modified_gmt":"2018-12-20T13:25:15","slug":"37-2","status":"publish","type":"page","link":"https:\/\/www.cfatelier.com\/adc\/","title":{"rendered":""},"content":{"rendered":"<div id=\"pl-37\"  class=\"panel-layout\" ><div id=\"pg-37-0\"  class=\"panel-grid panel-no-style\" ><div id=\"pgc-37-0-0\"  class=\"panel-grid-cell\" ><div id=\"panel-37-0-0-0\" class=\"so-panel widget widget_sow-image panel-first-child panel-last-child\" data-index=\"0\" ><div\n\t\t\t\n\t\t\tclass=\"so-widget-sow-image so-widget-sow-image-default-17bc2272b535-37\"\n\t\t\t\n\t\t>\n\n<div class=\"sow-image-container\">\n\t\t<img src=\"https:\/\/www.cfatelier.com\/adc\/wp-content\/uploads\/2015\/10\/banni\u00e8re-2016-FSE-2.png\" width=\"900\" height=\"149\" srcset=\"https:\/\/www.cfatelier.com\/adc\/wp-content\/uploads\/2015\/10\/banni\u00e8re-2016-FSE-2.png 900w, https:\/\/www.cfatelier.com\/adc\/wp-content\/uploads\/2015\/10\/banni\u00e8re-2016-FSE-2-300x50.png 300w, https:\/\/www.cfatelier.com\/adc\/wp-content\/uploads\/2015\/10\/banni\u00e8re-2016-FSE-2-768x127.png 768w, https:\/\/www.cfatelier.com\/adc\/wp-content\/uploads\/2015\/10\/banni\u00e8re-2016-FSE-2-24x4.png 24w, https:\/\/www.cfatelier.com\/adc\/wp-content\/uploads\/2015\/10\/banni\u00e8re-2016-FSE-2-36x6.png 36w, https:\/\/www.cfatelier.com\/adc\/wp-content\/uploads\/2015\/10\/banni\u00e8re-2016-FSE-2-48x8.png 48w\" sizes=\"(max-width: 900px) 100vw, 900px\" title=\"banni\u00e8re 2016 FSE 2\" alt=\"Financeurs des ADC Ateliers de d\u00e9veloppement de comp\u00e9tences \u00e0 S\u00e9lestat\" loading=\"lazy\" \t\tclass=\"so-widget-image\"\/>\n\t<\/div>\n\n<\/div><\/div><\/div><\/div><div id=\"pg-37-1\"  class=\"panel-grid panel-no-style\" ><div id=\"pgc-37-1-0\"  class=\"panel-grid-cell\" ><div id=\"panel-37-1-0-0\" class=\"so-panel widget widget_black-studio-tinymce widget_black_studio_tinymce panel-first-child panel-last-child\" data-index=\"1\" ><div class=\"textwidget\"><h2 style=\"text-align: left;\"><strong>De l'insertion sociale vers l'insertion professionnelle\u00a0<\/strong><\/h2>\n<h3 style=\"text-align: justify;\">Les ADC, Ateliers \u00ab\u00a0Passerelles \u00bb, sont un dispositif permettant la transition de l\u2019insertion sociale vers l\u2019insertion professionnelle et la remobilisation des publics \u00e9loign\u00e9s de l\u2019emploi.<\/h3>\n<p><a href=\"http:\/\/www.cfatelier.com\/adc1\/wp-content\/uploads\/2018\/12\/Fiche-de-poste.pdf\" target=\"_blank\" rel=\"noopener\"><span style=\"text-decoration: underline;\"><strong>Fiche de Poste \"formateur multime\u0301dia structures passerelles\"<\/strong><\/span><\/a><\/p>\n<h2 style=\"text-align: left;\"><strong>Lever les freins et se pr\u00e9parer \u00e0 l'emploi<\/strong><\/h2>\n<h3 style=\"text-align: justify;\">La combinaison d\u2019ateliers collectifs et d\u2019un accompagnement individualis\u00e9 vise \u00e0 lever les freins \u00e0 l\u2019insertion socio-professionnelle en favorisant l\u2019acc\u00e8s \u00e0 l\u2019autonomie et en se pr\u00e9parant au monde du travail.<\/h3>\n<\/div><\/div><\/div><\/div><div id=\"pg-37-2\"  class=\"panel-grid panel-no-style\" ><div id=\"pgc-37-2-0\"  class=\"panel-grid-cell\" ><div id=\"panel-37-2-0-0\" class=\"so-panel widget widget_black-studio-tinymce widget_black_studio_tinymce panel-first-child panel-last-child\" data-index=\"2\" ><div class=\"textwidget\"><p><div class=\"su-animate\" style=\"opacity:0;-webkit-animation-duration:1s;-webkit-animation-delay:0s;animation-duration:1s;animation-delay:0s;\" data-animation=\"flipInX\" data-duration=\"1\" data-delay=\"0\"><a href=\"http:\/\/www.cfatelier.com\/adc1\/ateliers\" class=\"su-button su-button-style-default su-button-wide\" style=\"color:#FFFFFF;background-color:#e75239;border-color:#b9422e;border-radius:17px;-moz-border-radius:17px;-webkit-border-radius:17px\" target=\"_self\"><span style=\"color:#FFFFFF;padding:0px 40px;font-size:29px;line-height:58px;border-color:#ef8675;border-radius:17px;-moz-border-radius:17px;-webkit-border-radius:17px;text-shadow:none;-moz-text-shadow:none;-webkit-text-shadow:none\"> <div class=\"su-spacer\" style=\"height:20px\"><\/div><br \/>\nAteliers<br \/>\ncollectifs<br \/>\n<div class=\"su-spacer\" style=\"height:20px\"><\/div><br \/>\n<\/span><\/a> <\/div><\/p>\n<\/div><\/div><\/div><div id=\"pgc-37-2-1\"  class=\"panel-grid-cell\" ><div id=\"panel-37-2-1-0\" class=\"so-panel widget widget_black-studio-tinymce widget_black_studio_tinymce panel-first-child panel-last-child\" data-index=\"3\" ><div class=\"textwidget\"><p><div class=\"su-animate\" style=\"opacity:0;-webkit-animation-duration:1s;-webkit-animation-delay:0s;animation-duration:1s;animation-delay:0s;\" data-animation=\"flipInX\" data-duration=\"1\" data-delay=\"0\"> <a href=\"http:\/\/www.cfatelier.com\/adc1\/accompagnement-individuel\/\" class=\"su-button su-button-style-default su-button-wide\" style=\"color:#FFFFFF;background-color:#fd951c;border-color:#cb7817;border-radius:17px;-moz-border-radius:17px;-webkit-border-radius:17px\" target=\"_self\"><span style=\"color:#FFFFFF;padding:0px 40px;font-size:29px;line-height:58px;border-color:#feb561;border-radius:17px;-moz-border-radius:17px;-webkit-border-radius:17px;text-shadow:none;-moz-text-shadow:none;-webkit-text-shadow:none\"> <div class=\"su-spacer\" style=\"height:20px\"><\/div><br \/>\nAccompagnement individuel\u00a0<br \/>\n<div class=\"su-spacer\" style=\"height:20px\"><\/div><br \/>\n<\/span><\/a> <\/div><\/p>\n<\/div><\/div><\/div><\/div><div id=\"pg-37-3\"  class=\"panel-grid panel-no-style\" ><div id=\"pgc-37-3-0\"  class=\"panel-grid-cell\" ><div id=\"panel-37-3-0-0\" class=\"so-panel widget widget_black-studio-tinymce widget_black_studio_tinymce panel-first-child panel-last-child\" data-index=\"4\" ><div class=\"panel-widget-style panel-widget-style-for-37-3-0-0\" ><div class=\"textwidget\"><div class=\"su-box-content su-clearfix\">\n<h2>\u00a0<strong>Publics cibl\u00e9s\u00a0<\/strong><\/h2>\n<ul>\n<li>\n<h4>B\u00e9n\u00e9ficiaires du RSA<\/h4>\n<\/li>\n<li>\n<h4>Demandeurs d'emploi<\/h4>\n<\/li>\n<li>\n<h4>Jeunes de moins de 25 ans<\/h4>\n<\/li>\n<li>\n<h4>Travailleurs handicap\u00e9s<\/h4>\n<\/li>\n<\/ul>\n<h4 style=\"text-align: justify;\">Les b\u00e9n\u00e9ficiaires sont orient\u00e9s par leur r\u00e9f\u00e9rent social ou professionnel (P\u00f4le Emploi, Mission Locale, Conseil D\u00e9partemental, etc.).<\/h4>\n<\/div>\n<\/div><\/div><\/div><\/div><\/div><div id=\"pg-37-4\"  class=\"panel-grid panel-no-style\" ><div id=\"pgc-37-4-0\"  class=\"panel-grid-cell\" ><div id=\"panel-37-4-0-0\" class=\"so-panel widget widget_sow-post-carousel panel-first-child panel-last-child\" data-index=\"5\" ><div\n\t\t\t\n\t\t\tclass=\"so-widget-sow-post-carousel so-widget-sow-post-carousel-base-c7dbb92dd929-37\"\n\t\t\t\n\t\t>\t<div\n\t\tclass=\"sow-post-carousel-wrapper sow-post-carousel-theme-base\"\n\t\tstyle=\"overflow: hidden; max-width: 100%; min-height: 150px\"\n\t>\n\t\t<div class=\"sow-carousel-title has-title\">\n\t<h3 class=\"widget-title\">En ce moment sur le blog des ADC<\/h3>\t\t<div class=\"sow-carousel-navigation \">\n\t\t\t\t\t\t<a href=\"#\" class=\"sow-carousel-next\" title=\"Suivant\" aria-label=\"Next Posts\" role=\"button\"><\/a>\n\t\t\t\t\t\t<a href=\"#\" class=\"sow-carousel-previous\" title=\"Pr\u00e9c\u00e9dent\" aria-label=\"Previous Posts\" role=\"button\"><\/a>\n\t\t\t\t\t<\/div>\n\t<\/div>\n\n<div class=\"sow-carousel-container \">\n\t\t<div class=\"sow-carousel-wrapper\"\n\t\tdata-dir=\"ltr\"\n\t\tstyle=\"opacity: 0;\"\n\t\tdata-widget=\"post\" data-fetching=\"false\" data-page=\"1\" data-ajax-url=\"https:\/\/www.cfatelier.com\/adc\/wp-admin\/admin-ajax.php?_widgets_nonce=5caed373b0\" data-item_count=\"8\" data-carousel_settings=\"{&quot;loop&quot;:true,&quot;animation&quot;:&quot;ease&quot;,&quot;animation_speed&quot;:800,&quot;autoplay&quot;:&quot;&quot;,&quot;pauseOnHover&quot;:&quot;&quot;,&quot;autoplaySpeed&quot;:8000,&quot;item_overflow&quot;:true,&quot;autoplay_continuous_scroll&quot;:false}\" data-responsive=\"{&quot;desktop_slides_to_scroll&quot;:1,&quot;tablet_landscape_breakpoint&quot;:1366,&quot;tablet_landscape_slides_to_scroll&quot;:2,&quot;tablet_portrait_breakpoint&quot;:1025,&quot;tablet_portrait_slides_to_scroll&quot;:2,&quot;mobile_breakpoint&quot;:480,&quot;mobile_slides_to_scroll&quot;:1}\" data-variable_width=\"true\" \t>\n\t\t<div\n\t\t\tclass=\"sow-carousel-items\"\n\t\t\t\t\t>\n\t\t\t\t<div class=\"sow-carousel-item\" tabindex=\"-1\" style=\"float: left;\">\n\t\t<div class=\"sow-carousel-thumbnail\">\n\t\t\t\t\t\t\t<a\n\t\t\t\thref=\"https:\/\/www.cfatelier.com\/adc\/visite-de-lassociation-humanis\/\"\n\t\t\t\t\t\t\t\t\t\tstyle=\"background-image: url( https:\/\/www.cfatelier.com\/adc\/wp-content\/uploads\/2017\/12\/t\u00e9l\u00e9chargement-150x150.jpg )\"\n\t\t\t\t\taria-labelledby=\"sow-carousel-id-1169\"\n\t\t\t\t\ttabindex=\"-1\"\n\t\t\t\t>\n\t\t\t\t\t<span class=\"overlay\"><\/span>\n\t\t\t\t<\/a>\n\t\t\t\t\t<\/div>\n\t\t<h3 class=\"sow-carousel-item-title\">\n\t\t\t<a\n\t\t\t\thref=\"https:\/\/www.cfatelier.com\/adc\/visite-de-lassociation-humanis\/\"\n\t\t\t\tid=\"sow-carousel-id-1169\"\n\t\t\t\t\t\t\t\ttabindex=\"-1\"\n\t\t\t>\n\n\t\t\t\tVisite de l&rsquo;association Humanis\t\t\t<\/a>\n\t\t<\/h3>\n\t<\/div>\n\t<div class=\"sow-carousel-item\" tabindex=\"-1\" style=\"float: left;\">\n\t\t<div class=\"sow-carousel-thumbnail\">\n\t\t\t\t\t\t\t<a\n\t\t\t\thref=\"https:\/\/www.cfatelier.com\/adc\/on-purge-bebe\/\"\n\t\t\t\t\t\t\t\t\t\tstyle=\"background-image: url( https:\/\/www.cfatelier.com\/adc\/wp-content\/uploads\/2017\/05\/On-purge-b\u00e9b\u00e9-3-150x150.jpg )\"\n\t\t\t\t\taria-labelledby=\"sow-carousel-id-1115\"\n\t\t\t\t\ttabindex=\"-1\"\n\t\t\t\t>\n\t\t\t\t\t<span class=\"overlay\"><\/span>\n\t\t\t\t<\/a>\n\t\t\t\t\t<\/div>\n\t\t<h3 class=\"sow-carousel-item-title\">\n\t\t\t<a\n\t\t\t\thref=\"https:\/\/www.cfatelier.com\/adc\/on-purge-bebe\/\"\n\t\t\t\tid=\"sow-carousel-id-1115\"\n\t\t\t\t\t\t\t\ttabindex=\"-1\"\n\t\t\t>\n\n\t\t\t\tOn purge b\u00e9b\u00e9\t\t\t<\/a>\n\t\t<\/h3>\n\t<\/div>\n\t<div class=\"sow-carousel-item\" tabindex=\"-1\" style=\"float: left;\">\n\t\t<div class=\"sow-carousel-thumbnail\">\n\t\t\t\t\t\t\t<a\n\t\t\t\thref=\"https:\/\/www.cfatelier.com\/adc\/tous-au-parlement\/\"\n\t\t\t\t\t\t\t\t\t\tstyle=\"background-image: url( https:\/\/www.cfatelier.com\/adc\/wp-content\/uploads\/2017\/04\/26798810716_a8e4633b32_z-150x150.jpg )\"\n\t\t\t\t\taria-labelledby=\"sow-carousel-id-993\"\n\t\t\t\t\ttabindex=\"-1\"\n\t\t\t\t>\n\t\t\t\t\t<span class=\"overlay\"><\/span>\n\t\t\t\t<\/a>\n\t\t\t\t\t<\/div>\n\t\t<h3 class=\"sow-carousel-item-title\">\n\t\t\t<a\n\t\t\t\thref=\"https:\/\/www.cfatelier.com\/adc\/tous-au-parlement\/\"\n\t\t\t\tid=\"sow-carousel-id-993\"\n\t\t\t\t\t\t\t\ttabindex=\"-1\"\n\t\t\t>\n\n\t\t\t\tTous au Parlement\t\t\t<\/a>\n\t\t<\/h3>\n\t<\/div>\n\t<div class=\"sow-carousel-item\" tabindex=\"-1\" style=\"float: left;\">\n\t\t<div class=\"sow-carousel-thumbnail\">\n\t\t\t\t\t\t\t<a\n\t\t\t\thref=\"https:\/\/www.cfatelier.com\/adc\/atelier-image-estime-de-soi-redecome\/\"\n\t\t\t\t\t\t\t\t\t\tstyle=\"background-image: url( https:\/\/www.cfatelier.com\/adc\/wp-content\/uploads\/2017\/04\/redecome-150x150.jpg )\"\n\t\t\t\t\taria-labelledby=\"sow-carousel-id-1008\"\n\t\t\t\t\ttabindex=\"-1\"\n\t\t\t\t>\n\t\t\t\t\t<span class=\"overlay\"><\/span>\n\t\t\t\t<\/a>\n\t\t\t\t\t<\/div>\n\t\t<h3 class=\"sow-carousel-item-title\">\n\t\t\t<a\n\t\t\t\thref=\"https:\/\/www.cfatelier.com\/adc\/atelier-image-estime-de-soi-redecome\/\"\n\t\t\t\tid=\"sow-carousel-id-1008\"\n\t\t\t\t\t\t\t\ttabindex=\"-1\"\n\t\t\t>\n\n\t\t\t\tAtelier image et estime de soi avec Red\u00e9come\t\t\t<\/a>\n\t\t<\/h3>\n\t<\/div>\n\t<div class=\"sow-carousel-item\" tabindex=\"-1\" style=\"float: left;\">\n\t\t<div class=\"sow-carousel-thumbnail\">\n\t\t\t\t\t\t\t<a\n\t\t\t\thref=\"https:\/\/www.cfatelier.com\/adc\/cest-des-volontaires\/\"\n\t\t\t\t\t\t\t\t\t\tstyle=\"background-image: url( https:\/\/www.cfatelier.com\/adc\/wp-content\/uploads\/2017\/02\/b\u00e9n\u00e9volat-2-150x150.png )\"\n\t\t\t\t\taria-labelledby=\"sow-carousel-id-966\"\n\t\t\t\t\ttabindex=\"-1\"\n\t\t\t\t>\n\t\t\t\t\t<span class=\"overlay\"><\/span>\n\t\t\t\t<\/a>\n\t\t\t\t\t<\/div>\n\t\t<h3 class=\"sow-carousel-item-title\">\n\t\t\t<a\n\t\t\t\thref=\"https:\/\/www.cfatelier.com\/adc\/cest-des-volontaires\/\"\n\t\t\t\tid=\"sow-carousel-id-966\"\n\t\t\t\t\t\t\t\ttabindex=\"-1\"\n\t\t\t>\n\n\t\t\t\tC&rsquo;est Des Volontaires &#8211; Engagement citoyen\t\t\t<\/a>\n\t\t<\/h3>\n\t<\/div>\n\t<div class=\"sow-carousel-item\" tabindex=\"-1\" style=\"float: left;\">\n\t\t<div class=\"sow-carousel-thumbnail\">\n\t\t\t\t\t\t\t<a\n\t\t\t\thref=\"https:\/\/www.cfatelier.com\/adc\/laide-a-lemploi-pour-les-femmes\/\"\n\t\t\t\t\t\t\t\t\t\tstyle=\"background-image: url( https:\/\/www.cfatelier.com\/adc\/wp-content\/uploads\/2016\/05\/images-150x150.jpg )\"\n\t\t\t\t\taria-labelledby=\"sow-carousel-id-851\"\n\t\t\t\t\ttabindex=\"-1\"\n\t\t\t\t>\n\t\t\t\t\t<span class=\"overlay\"><\/span>\n\t\t\t\t<\/a>\n\t\t\t\t\t<\/div>\n\t\t<h3 class=\"sow-carousel-item-title\">\n\t\t\t<a\n\t\t\t\thref=\"https:\/\/www.cfatelier.com\/adc\/laide-a-lemploi-pour-les-femmes\/\"\n\t\t\t\tid=\"sow-carousel-id-851\"\n\t\t\t\t\t\t\t\ttabindex=\"-1\"\n\t\t\t>\n\n\t\t\t\tLes aides \u00e0 l&#8217;emploi pour les femmes\t\t\t<\/a>\n\t\t<\/h3>\n\t<\/div>\n\t<div class=\"sow-carousel-item\" tabindex=\"-1\" style=\"float: left;\">\n\t\t<div class=\"sow-carousel-thumbnail\">\n\t\t\t\t\t\t\t<a\n\t\t\t\thref=\"https:\/\/www.cfatelier.com\/adc\/une-interview\/\"\n\t\t\t\t\t\t\t\t\t\tstyle=\"background-image: url( https:\/\/www.cfatelier.com\/adc\/wp-content\/uploads\/2015\/11\/adc-selestat-atelier-expression-de-soi-11-150x150.jpg )\"\n\t\t\t\t\taria-labelledby=\"sow-carousel-id-837\"\n\t\t\t\t\ttabindex=\"-1\"\n\t\t\t\t>\n\t\t\t\t\t<span class=\"overlay\"><\/span>\n\t\t\t\t<\/a>\n\t\t\t\t\t<\/div>\n\t\t<h3 class=\"sow-carousel-item-title\">\n\t\t\t<a\n\t\t\t\thref=\"https:\/\/www.cfatelier.com\/adc\/une-interview\/\"\n\t\t\t\tid=\"sow-carousel-id-837\"\n\t\t\t\t\t\t\t\ttabindex=\"-1\"\n\t\t\t>\n\n\t\t\t\tInterview\u00a0d&rsquo;une ancienne b\u00e9n\u00e9ficiaire\t\t\t<\/a>\n\t\t<\/h3>\n\t<\/div>\n\t<div class=\"sow-carousel-item\" tabindex=\"-1\" style=\"float: left;\">\n\t\t<div class=\"sow-carousel-thumbnail\">\n\t\t\t\t\t\t\t<a\n\t\t\t\thref=\"https:\/\/www.cfatelier.com\/adc\/naissance-du-site-internet-des-adc\/\"\n\t\t\t\t\t\t\t\t\t\tstyle=\"background-image: url( https:\/\/www.cfatelier.com\/adc\/wp-content\/uploads\/2015\/10\/DSC_0023-150x150.jpg )\"\n\t\t\t\t\taria-labelledby=\"sow-carousel-id-741\"\n\t\t\t\t\ttabindex=\"-1\"\n\t\t\t\t>\n\t\t\t\t\t<span class=\"overlay\"><\/span>\n\t\t\t\t<\/a>\n\t\t\t\t\t<\/div>\n\t\t<h3 class=\"sow-carousel-item-title\">\n\t\t\t<a\n\t\t\t\thref=\"https:\/\/www.cfatelier.com\/adc\/naissance-du-site-internet-des-adc\/\"\n\t\t\t\tid=\"sow-carousel-id-741\"\n\t\t\t\t\t\t\t\ttabindex=\"-1\"\n\t\t\t>\n\n\t\t\t\tLa cr\u00e9ation du site internet des ADC\t\t\t<\/a>\n\t\t<\/h3>\n\t<\/div>\n\t\t<\/div>\n\t\t\t<\/div>\n\n\t<\/div>\n\t\t<input type=\"hidden\" name=\"instance_hash\" value=\"d2a2f4ea\"\/>\n\t<\/div>\n<\/div><\/div><\/div><\/div><\/div>","protected":false},"excerpt":{"rendered":"<p>C&rsquo;est gr\u00e2ce \u00e0 un formidable travail d&rsquo;\u00e9quipe, que ce site internet, cr\u00e9\u00e9 par un groupe de b\u00e9n\u00e9ficiaires des ADC dans le cadre de l&rsquo;atelier Multim\u00e9dia, a pu voir le jour.Nous vous proposons de partager avec vous\u00a0cette exp\u00e9rience !Apr\u00e8s avoir consult\u00e9 et critiqu\u00e9 diff\u00e9rents sites internet, nous avons r\u00e9fl\u00e9chi \u00e0 la pr\u00e9sentation du site et \u00e0 [&hellip;]<\/p>\n","protected":false},"author":6,"featured_media":0,"parent":0,"menu_order":0,"comment_status":"closed","ping_status":"closed","template":"","meta":{"_mi_skip_tracking":false},"_links":{"self":[{"href":"https:\/\/www.cfatelier.com\/adc\/wp-json\/wp\/v2\/pages\/37"}],"collection":[{"href":"https:\/\/www.cfatelier.com\/adc\/wp-json\/wp\/v2\/pages"}],"about":[{"href":"https:\/\/www.cfatelier.com\/adc\/wp-json\/wp\/v2\/types\/page"}],"author":[{"embeddable":true,"href":"https:\/\/www.cfatelier.com\/adc\/wp-json\/wp\/v2\/users\/6"}],"replies":[{"embeddable":true,"href":"https:\/\/www.cfatelier.com\/adc\/wp-json\/wp\/v2\/comments?post=37"}],"version-history":[{"count":121,"href":"https:\/\/www.cfatelier.com\/adc\/wp-json\/wp\/v2\/pages\/37\/revisions"}],"predecessor-version":[{"id":1238,"href":"https:\/\/www.cfatelier.com\/adc\/wp-json\/wp\/v2\/pages\/37\/revisions\/1238"}],"wp:attachment":[{"href":"https:\/\/www.cfatelier.com\/adc\/wp-json\/wp\/v2\/media?parent=37"}],"curies":[{"name":"wp","href":"https:\/\/api.w.org\/{rel}","templated":true}]}}