{"id":46,"date":"2015-10-20T09:00:35","date_gmt":"2015-10-20T08:00:35","guid":{"rendered":"http:\/\/www.cfatelier.com\/adc\/?page_id=46"},"modified":"2016-01-26T13:30:31","modified_gmt":"2016-01-26T12:30:31","slug":"partenaires","status":"publish","type":"page","link":"https:\/\/www.cfatelier.com\/adc\/partenaires\/","title":{"rendered":"Partenaires"},"content":{"rendered":"<div id=\"pl-46\"  class=\"panel-layout\" ><div id=\"pg-46-0\"  class=\"panel-grid panel-no-style\" ><div id=\"pgc-46-0-0\"  class=\"panel-grid-cell\" ><div id=\"panel-46-0-0-0\" class=\"so-panel widget widget_black-studio-tinymce widget_black_studio_tinymce panel-first-child panel-last-child\" data-index=\"0\" ><div class=\"textwidget\"><h4 style=\"text-align: justify;\">L'Union Europ\u00e9enne par le biais du <strong>FSE<\/strong> et le <strong>Conseil D\u00e9partemental du Bas-Rhin<\/strong> sont les principaux financeurs des ADC.<\/h4>\n<h4 style=\"text-align: justify;\">Par ailleurs, nous travaillons en collaboration avec <strong>l'association Paprika <\/strong>avec qui nous partageons les locaux. Nous avons aussi mutualis\u00e9 certains ateliers: cuisine, sport et arts-plastiques.<\/h4>\n<h4 style=\"text-align: justify;\">De m\u00eame les ADC se sont associ\u00e9s avec <strong>Emmaus Scherwiller<\/strong> qui met \u00e0 disposition des locaux pour l'atelier Menuiserie (<a href=\"http:\/\/www.cfatelier.com\/adc1\/menuiserie\/\" target=\"_blank\">en savoir plus<\/a>).<\/h4>\n<h4 style=\"text-align: justify;\">Nous d\u00e9veloppons aussi d'autres partenariats avec notamment P\u00f4le emploi, Tremplin, Gipfi et bien d'autres.<\/h4>\n<h4 style=\"text-align: justify;\">Pour plus d'informations sur nos partenaires, cliquez sur leurs logos pour \u00eatre redirig\u00e9 vers leurs sites officiels.<\/h4>\n<\/div><\/div><\/div><\/div><div id=\"pg-46-1\"  class=\"panel-grid panel-no-style\" ><div id=\"pgc-46-1-0\"  class=\"panel-grid-cell\" ><div id=\"panel-46-1-0-0\" class=\"so-panel widget widget_black-studio-tinymce widget_black_studio_tinymce panel-first-child panel-last-child\" data-index=\"1\" ><div class=\"textwidget\"><p><div id=\"grid-gallery-3-85212\" data-gg-id=\"3\" data-title=\"partenaires\" data-grid-type=\"2\" data-offset=\"20.3\" data-area-position=\"center\" data-icons=\"false\" data-preloader=\"\" data-width=\"auto\" data-height=\"100\" data-padding=\"0\" data-quicksand=\"disabled\" data-quicksand-duration=\"none\" data-popup-theme=\"theme_6\" data-popup-type=\"pretty-photo\" data-popup-image-text=\"title\" data-popup-widthsize=\"auto\" data-popup-heightsize=\"auto\" data-popup-i18n-words=\"{&quot;close&quot;:&quot;fermer&quot;,&quot;next&quot;:&quot;suivant&quot;,&quot;previous&quot;:&quot;pr\\u00e9c\\u00e9dent&quot;,&quot;start_slideshow&quot;:&quot;d\\u00e9marrer le diaporama&quot;,&quot;stop_slideshow&quot;:&quot;arr\\u00e9ter le diaporama&quot;,&quot;image&quot;:&quot;image&quot;,&quot;of&quot;:&quot;de&quot;,&quot;prev&quot;:&quot;pr\\u00e9c.&quot;,&quot;cExpand&quot;:&quot;Agrandir&quot;,&quot;cPrevious&quot;:&quot;Pr\\u00e9c\\u00e9dent&quot;,&quot;cNext&quot;:&quot;Suivant&quot;,&quot;cExpandStr&quot;:&quot;Agrandir l&#039;image&quot;,&quot;cRotate&quot;:&quot;Pivoter&quot;,&quot;cDetails&quot;:&quot;Details&quot;}\" data-popup-slideshow=\"true\" data-popup-slideshow-speed=\"2500\" data-popup-hoverstop=\"true\" data-popup-slideshow-auto=\"true\" data-popup-background=\"\" data-popup-transparency=\"30\" data-popup-disable-history=\"\" data-popup-disable-changed-url=\"\" data-popup-border-type=\"\" data-popup-border-color=\"\" data-popup-border-width=\"\" data-popup-border-enable=\"\" data-fullscreen=\"false\" data-hide-tooltip=\"false\" data-caption-font-family=\"Default\" data-caption-text-size=\"20px\" data-is-mobile=\"0\" data-caption-mobile=\"false\" data-hide-long-tltp-title=\"0\" data-caption-disabled-on-mobile=\"false\" data-popup-placement-type=\"0\" data-social-sharing=\"{&quot;enabled&quot;:null,&quot;gallerySharing&quot;:{&quot;enabled&quot;:null,&quot;position&quot;:null},&quot;imageSharing&quot;:{&quot;enabled&quot;:null,&quot;wrapperClass&quot;:&quot; vertical \\n &quot;},&quot;popupSharing&quot;:{&quot;enabled&quot;:null,&quot;wrapperClass&quot;:&quot; vertical \\n &quot;}}\" class=\"grid-gallery grid-gallery-fixed \" style=\" width:100%; height:auto ; margin-left:auto; margin-right:auto; position:relative;\" > <div class=\"gallery-loading\"> <div class=\"blocks\"> <div class=\"block\"><\/div> <div class=\"block\"><\/div> <div class=\"block\"><\/div> <div class=\"block\"><\/div> <\/div> <\/div> <div class=\"gallery-sharing-top\"><\/div> <div id=\"photos-3\" class=\"grid-gallery-photos \" > <a id=\"gg-3-36\" class=\"gg-link \" data-attachment-id=\"130\" href=\"http:\/\/www.fse.gouv.fr\/\" target=\"_blank\" title=\"AlsaceFSE\" rel=\"\" data-type=\"link\" style=\"border-radius: 0px;\" ><FIGURE class=\"grid-gallery-caption \" data-grid-gallery-type=\"none\" data-index=\"0\" style=\"display:none;border-radius: 0px; ; margin: 10.15px; height:100px; width:auto;\" ><div class=\"crop \" style=\" \"><img src=\"http:\/\/www.cfatelier.com\/adc1\/wp-content\/uploads\/2015\/11\/AlsaceFSE-143x100.jpg\" class=\"ggImg ggNotInitImg\" alt=\"AlsaceFSE\" title=\"AlsaceFSE\" data-description=\"AlsaceFSE\" data-caption=\"AlsaceFSE\" data-title=\"AlsaceFSE\" style=\" height:100px; width:auto; \" \/><\/div><FIGCAPTION class=\"\" data-alpha=\"3\" style=\"color:#ffffff; background-color:#003d84; font-size:20px; text-align:center; font-family:Default; opacity:1; bottom:0;\" ><div class=\"grid-gallery-figcaption-wrap\" style=\" vertical-align:top; \"><\/div><\/FIGCAPTION><\/FIGURE><\/a> <a id=\"gg-3-30\" class=\"gg-link \" data-attachment-id=\"135\" href=\"http:\/\/www.bas-rhin.fr\/\" target=\"_blank\" title=\"conseil d\u00e9partemental\" rel=\"\" data-type=\"link\" style=\"border-radius: 0px;\" ><FIGURE class=\"grid-gallery-caption \" data-grid-gallery-type=\"none\" data-index=\"1\" style=\"display:none;border-radius: 0px; ; margin: 10.15px; height:100px; width:auto;\" ><div class=\"crop \" style=\" \"><img src=\"http:\/\/www.cfatelier.com\/adc1\/wp-content\/uploads\/2015\/11\/conseil-d\u00e9partemental-268x100.jpg\" class=\"ggImg ggNotInitImg\" alt=\"conseil d\u00e9partemental\" title=\"conseil d\u00e9partemental\" data-description=\"conseil d\u00e9partemental\" data-caption=\"conseil d\u00e9partemental\" data-title=\"conseil d\u00e9partemental\" style=\" height:100px; width:auto; \" \/><\/div><FIGCAPTION class=\"\" data-alpha=\"3\" style=\"color:#ffffff; background-color:#003d84; font-size:20px; text-align:center; font-family:Default; opacity:1; bottom:0;\" ><div class=\"grid-gallery-figcaption-wrap\" style=\" vertical-align:top; \"><\/div><\/FIGCAPTION><\/FIGURE><\/a> <a id=\"gg-3-22\" class=\"gg-link \" data-attachment-id=\"152\" href=\"https:\/\/www.youtube.com\/watch?v=olN0AkeH-e8\" target=\"_blank\" title=\"Paprika-selestat-association\" rel=\"\" data-type=\"link\" style=\"border-radius: 0px;\" ><FIGURE class=\"grid-gallery-caption \" data-grid-gallery-type=\"none\" data-index=\"2\" style=\"display:none;border-radius: 0px; ; margin: 10.15px; height:100px; width:auto;\" ><div class=\"crop \" style=\" \"><img src=\"http:\/\/www.cfatelier.com\/adc1\/wp-content\/uploads\/2015\/11\/Paprika-selestat-association-264x100.jpg\" class=\"ggImg ggNotInitImg\" alt=\"Paprika-selestat-association\" title=\"Paprika-selestat-association\" data-description=\"Paprika-selestat-association\" data-caption=\"Paprika-selestat-association\" data-title=\"Paprika-selestat-association\" style=\" height:100px; width:auto; \" \/><\/div><FIGCAPTION class=\"\" data-alpha=\"3\" style=\"color:#ffffff; background-color:#003d84; font-size:20px; text-align:center; font-family:Default; opacity:1; bottom:0;\" ><div class=\"grid-gallery-figcaption-wrap\" style=\" vertical-align:top; \"><\/div><\/FIGCAPTION><\/FIGURE><\/a> <a id=\"gg-3-29\" class=\"gg-link \" data-attachment-id=\"137\" href=\"http:\/\/www.emmaus-alsace.com\/\" target=\"_blank\" title=\"emmaus\" rel=\"\" data-type=\"link\" style=\"border-radius: 0px;\" ><FIGURE class=\"grid-gallery-caption \" data-grid-gallery-type=\"none\" data-index=\"3\" style=\"display:none;border-radius: 0px; ; margin: 10.15px; height:100px; width:auto;\" ><div class=\"crop \" style=\" \"><img src=\"http:\/\/www.cfatelier.com\/adc1\/wp-content\/uploads\/2015\/11\/emmaus.jpg\" class=\"ggImg ggNotInitImg\" alt=\"emmaus\" title=\"emmaus\" data-description=\"emmaus\" data-caption=\"emmaus\" data-title=\"emmaus\" style=\" height:100px; width:auto; \" \/><\/div><FIGCAPTION class=\"\" data-alpha=\"3\" style=\"color:#ffffff; background-color:#003d84; font-size:20px; text-align:center; font-family:Default; opacity:1; bottom:0;\" ><div class=\"grid-gallery-figcaption-wrap\" style=\" vertical-align:top; \"><\/div><\/FIGCAPTION><\/FIGURE><\/a> <a id=\"gg-3-20\" class=\"gg-link \" data-attachment-id=\"144\" href=\"http:\/\/www.mlpe.eu\/\" target=\"_blank\" title=\"mission locale\" rel=\"\" data-type=\"link\" style=\"border-radius: 0px;\" ><FIGURE class=\"grid-gallery-caption \" data-grid-gallery-type=\"none\" data-index=\"4\" style=\"display:none;border-radius: 0px; ; margin: 10.15px; height:100px; width:auto;\" ><div class=\"crop \" style=\" \"><img src=\"http:\/\/www.cfatelier.com\/adc1\/wp-content\/uploads\/2015\/11\/mission-locale-128x100.jpg\" class=\"ggImg ggNotInitImg\" alt=\"mission locale\" title=\"mission locale\" data-description=\"mission locale\" data-caption=\"mission locale\" data-title=\"mission locale\" style=\" height:100px; width:auto; \" \/><\/div><FIGCAPTION class=\"\" data-alpha=\"3\" style=\"color:#ffffff; background-color:#003d84; font-size:20px; text-align:center; font-family:Default; opacity:1; bottom:0;\" ><div class=\"grid-gallery-figcaption-wrap\" style=\" vertical-align:top; \"><\/div><\/FIGCAPTION><\/FIGURE><\/a> <a id=\"gg-3-26\" class=\"gg-link \" data-attachment-id=\"143\" href=\"http:\/\/www.milosel.fr\/\" target=\"_blank\" title=\"mission locale selestat\" rel=\"\" data-type=\"link\" style=\"border-radius: 0px;\" ><FIGURE class=\"grid-gallery-caption \" data-grid-gallery-type=\"none\" data-index=\"5\" style=\"display:none;border-radius: 0px; ; margin: 10.15px; height:100px; width:auto;\" ><div class=\"crop \" style=\" \"><img src=\"http:\/\/www.cfatelier.com\/adc1\/wp-content\/uploads\/2015\/11\/mission-locale-selestat-100x100.jpg\" class=\"ggImg ggNotInitImg\" alt=\"mission locale selestat\" title=\"mission locale selestat\" data-description=\"mission locale selestat\" data-caption=\"mission locale selestat\" data-title=\"mission locale selestat\" style=\" height:100px; width:auto; \" \/><\/div><FIGCAPTION class=\"\" data-alpha=\"3\" style=\"color:#ffffff; background-color:#003d84; font-size:20px; text-align:center; font-family:Default; opacity:1; bottom:0;\" ><div class=\"grid-gallery-figcaption-wrap\" style=\" vertical-align:top; \"><\/div><\/FIGCAPTION><\/FIGURE><\/a> <a id=\"gg-3-21\" class=\"gg-link \" data-attachment-id=\"146\" href=\"http:\/\/www.pole-emploi.fr\/accueil\/\" target=\"_blank\" title=\"pole emploi\" rel=\"\" data-type=\"link\" style=\"border-radius: 0px;\" ><FIGURE class=\"grid-gallery-caption \" data-grid-gallery-type=\"none\" data-index=\"6\" style=\"display:none;border-radius: 0px; ; margin: 10.15px; height:100px; width:auto;\" ><div class=\"crop \" style=\" \"><img src=\"http:\/\/www.cfatelier.com\/adc1\/wp-content\/uploads\/2015\/11\/pole-emploi-136x100.jpg\" class=\"ggImg ggNotInitImg\" alt=\"pole emploi\" title=\"pole emploi\" data-description=\"pole emploi\" data-caption=\"pole emploi\" data-title=\"pole emploi\" style=\" height:100px; width:auto; \" \/><\/div><FIGCAPTION class=\"\" data-alpha=\"3\" style=\"color:#ffffff; background-color:#003d84; font-size:20px; text-align:center; font-family:Default; opacity:1; bottom:0;\" ><div class=\"grid-gallery-figcaption-wrap\" style=\" vertical-align:top; \"><\/div><\/FIGCAPTION><\/FIGURE><\/a> <a id=\"gg-3-24\" class=\"gg-link \" data-attachment-id=\"149\" href=\"http:\/\/www.selestat.fr\/\" target=\"_blank\" title=\"Ville de Selestat\" rel=\"\" data-type=\"link\" style=\"border-radius: 0px;\" ><FIGURE class=\"grid-gallery-caption \" data-grid-gallery-type=\"none\" data-index=\"7\" style=\"display:none;border-radius: 0px; ; margin: 10.15px; height:100px; width:auto;\" ><div class=\"crop \" style=\" \"><img src=\"http:\/\/www.cfatelier.com\/adc1\/wp-content\/uploads\/2015\/11\/Ville-de-Selestat-329x100.jpg\" class=\"ggImg ggNotInitImg\" alt=\"Ville de Selestat\" title=\"Ville de Selestat\" data-description=\"Ville de Selestat\" data-caption=\"Ville de Selestat\" data-title=\"Ville de Selestat\" style=\" height:100px; width:auto; \" \/><\/div><FIGCAPTION class=\"\" data-alpha=\"3\" style=\"color:#ffffff; background-color:#003d84; font-size:20px; text-align:center; font-family:Default; opacity:1; bottom:0;\" ><div class=\"grid-gallery-figcaption-wrap\" style=\" vertical-align:top; \"><\/div><\/FIGCAPTION><\/FIGURE><\/a> <a id=\"gg-3-37\" class=\"gg-link \" data-attachment-id=\"656\" href=\"http:\/\/www.savoirspourreussir.fr\/SousSites\/Html\/Association.asp?REGION=49\" target=\"_blank\" title=\"spr\" rel=\"\" data-type=\"link\" style=\"border-radius: 0px;\" ><FIGURE class=\"grid-gallery-caption \" data-grid-gallery-type=\"none\" data-index=\"8\" style=\"display:none;border-radius: 0px; ; margin: 10.15px; height:100px; width:auto;\" ><div class=\"crop \" style=\" \"><img src=\"http:\/\/www.cfatelier.com\/adc1\/wp-content\/uploads\/2016\/01\/spr.jpg\" class=\"ggImg ggNotInitImg\" alt=\"spr\" title=\"spr\" data-description=\"spr\" data-caption=\"spr\" data-title=\"spr\" style=\" height:100px; width:auto; \" \/><\/div><FIGCAPTION class=\"\" data-alpha=\"3\" style=\"color:#ffffff; background-color:#003d84; font-size:20px; text-align:center; font-family:Default; opacity:1; bottom:0;\" ><div class=\"grid-gallery-figcaption-wrap\" style=\" vertical-align:top; \"><\/div><\/FIGCAPTION><\/FIGURE><\/a> <a id=\"gg-3-34\" class=\"gg-link \" data-attachment-id=\"138\" href=\"https:\/\/www.facebook.com\/GIPFI-SCOP-1476181195959096\/\" target=\"_blank\" title=\"gipfi_scop\" rel=\"\" data-type=\"link\" style=\"border-radius: 0px;\" ><FIGURE class=\"grid-gallery-caption \" data-grid-gallery-type=\"none\" data-index=\"9\" style=\"display:none;border-radius: 0px; ; margin: 10.15px; height:100px; width:auto;\" ><div class=\"crop \" style=\" \"><img src=\"http:\/\/www.cfatelier.com\/adc1\/wp-content\/uploads\/2015\/11\/gipfi_scop-300x100.jpg\" class=\"ggImg ggNotInitImg\" alt=\"gipfi_scop\" title=\"gipfi_scop\" data-description=\"gipfi_scop\" data-caption=\"gipfi_scop\" data-title=\"gipfi_scop\" style=\" height:100px; width:auto; \" \/><\/div><FIGCAPTION class=\"\" data-alpha=\"3\" style=\"color:#ffffff; background-color:#003d84; font-size:20px; text-align:center; font-family:Default; opacity:1; bottom:0;\" ><div class=\"grid-gallery-figcaption-wrap\" style=\" vertical-align:top; \"><\/div><\/FIGCAPTION><\/FIGURE><\/a> <a id=\"gg-3-23\" class=\"gg-link \" data-attachment-id=\"148\" href=\"http:\/\/www.tremplins67.com\/\" target=\"_blank\" title=\"Tremplins\" rel=\"\" data-type=\"link\" style=\"border-radius: 0px;\" ><FIGURE class=\"grid-gallery-caption \" data-grid-gallery-type=\"none\" data-index=\"10\" style=\"display:none;border-radius: 0px; ; margin: 10.15px; height:100px; width:auto;\" ><div class=\"crop \" style=\" \"><img src=\"http:\/\/www.cfatelier.com\/adc1\/wp-content\/uploads\/2015\/11\/Tremplins-280x100.png\" class=\"ggImg ggNotInitImg\" alt=\"Tremplins\" title=\"Tremplins\" data-description=\"Tremplins\" data-caption=\"Tremplins\" data-title=\"Tremplins\" style=\" height:100px; width:auto; \" \/><\/div><FIGCAPTION class=\"\" data-alpha=\"3\" style=\"color:#ffffff; background-color:#003d84; font-size:20px; text-align:center; font-family:Default; opacity:1; bottom:0;\" ><div class=\"grid-gallery-figcaption-wrap\" style=\" vertical-align:top; \"><\/div><\/FIGCAPTION><\/FIGURE><\/a> <a id=\"gg-3-27\" class=\"gg-link \" data-attachment-id=\"133\" href=\"http:\/\/www.arsea.fr\/\" target=\"_blank\" title=\"ARSEA\" rel=\"\" data-type=\"link\" style=\"border-radius: 0px;\" ><FIGURE class=\"grid-gallery-caption \" data-grid-gallery-type=\"none\" data-index=\"11\" style=\"display:none;border-radius: 0px; ; margin: 10.15px; height:100px; width:auto;\" ><div class=\"crop \" style=\" \"><img src=\"http:\/\/www.cfatelier.com\/adc1\/wp-content\/uploads\/2015\/11\/ARSEA1.jpg\" class=\"ggImg ggNotInitImg\" alt=\"ARSEA\" title=\"ARSEA\" data-description=\"ARSEA\" data-caption=\"ARSEA\" data-title=\"ARSEA\" style=\" height:100px; width:auto; \" \/><\/div><FIGCAPTION class=\"\" data-alpha=\"3\" style=\"color:#ffffff; background-color:#003d84; font-size:20px; text-align:center; font-family:Default; opacity:1; bottom:0;\" ><div class=\"grid-gallery-figcaption-wrap\" style=\" vertical-align:top; \"><\/div><\/FIGCAPTION><\/FIGURE><\/a> <a id=\"gg-3-28\" class=\"gg-link \" data-attachment-id=\"141\" href=\"http:\/\/castrami.fr\" target=\"_self\" title=\"logo CASTRAMI\" rel=\"\" data-type=\"link\" style=\"border-radius: 0px;\" ><FIGURE class=\"grid-gallery-caption \" data-grid-gallery-type=\"none\" data-index=\"12\" style=\"display:none;border-radius: 0px; ; margin: 10.15px; height:100px; width:auto;\" ><div class=\"crop \" style=\" \"><img src=\"http:\/\/www.cfatelier.com\/adc1\/wp-content\/uploads\/2015\/11\/logo-CASTRAMI-112x100.png\" class=\"ggImg ggNotInitImg\" alt=\"logo CASTRAMI\" title=\"logo CASTRAMI\" data-description=\"logo CASTRAMI\" data-caption=\"logo CASTRAMI\" data-title=\"logo CASTRAMI\" style=\" height:100px; width:auto; \" \/><\/div><FIGCAPTION class=\"\" data-alpha=\"3\" style=\"color:#ffffff; background-color:#003d84; font-size:20px; text-align:center; font-family:Default; opacity:1; bottom:0;\" ><div class=\"grid-gallery-figcaption-wrap\" style=\" vertical-align:top; \"><\/div><\/FIGCAPTION><\/FIGURE><\/a> <a id=\"gg-3-31\" class=\"gg-link \" data-attachment-id=\"140\" href=\"http:\/\/www.sava-association.com\/\" target=\"_blank\" title=\"la SAVA\" rel=\"\" data-type=\"link\" style=\"border-radius: 0px;\" ><FIGURE class=\"grid-gallery-caption \" data-grid-gallery-type=\"none\" data-index=\"13\" style=\"display:none;border-radius: 0px; ; margin: 10.15px; height:100px; width:auto;\" ><div class=\"crop \" style=\" \"><img src=\"http:\/\/www.cfatelier.com\/adc1\/wp-content\/uploads\/2015\/11\/la-SAVA-120x100.jpg\" class=\"ggImg ggNotInitImg\" alt=\"la SAVA\" title=\"la SAVA\" data-description=\"la SAVA\" data-caption=\"la SAVA\" data-title=\"la SAVA\" style=\" height:100px; width:auto; \" \/><\/div><FIGCAPTION class=\"\" data-alpha=\"3\" style=\"color:#ffffff; background-color:#003d84; font-size:20px; text-align:center; font-family:Default; opacity:1; bottom:0;\" ><div class=\"grid-gallery-figcaption-wrap\" style=\" vertical-align:top; \"><\/div><\/FIGCAPTION><\/FIGURE><\/a> <a id=\"gg-3-32\" class=\"gg-link \" data-attachment-id=\"134\" href=\"http:\/\/obernai.centres-sociaux.fr\/\" target=\"_blank\" title=\"centre sociaux culturel Obernai\" rel=\"\" data-type=\"link\" style=\"border-radius: 0px;\" ><FIGURE class=\"grid-gallery-caption \" data-grid-gallery-type=\"none\" data-index=\"14\" style=\"display:none;border-radius: 0px; ; margin: 10.15px; height:100px; width:auto;\" ><div class=\"crop \" style=\" \"><img src=\"http:\/\/www.cfatelier.com\/adc1\/wp-content\/uploads\/2015\/11\/centre-sociaux-culturel-Obernai-486x100.jpg\" class=\"ggImg ggNotInitImg\" alt=\"centre sociaux culturel Obernai\" title=\"centre sociaux culturel Obernai\" data-description=\"centre sociaux culturel Obernai\" data-caption=\"centre sociaux culturel Obernai\" data-title=\"centre sociaux culturel Obernai\" style=\" height:100px; width:auto; \" \/><\/div><FIGCAPTION class=\"\" data-alpha=\"3\" style=\"color:#ffffff; background-color:#003d84; font-size:20px; text-align:center; font-family:Default; opacity:1; bottom:0;\" ><div class=\"grid-gallery-figcaption-wrap\" style=\" vertical-align:top; \"><\/div><\/FIGCAPTION><\/FIGURE><\/a> <a id=\"gg-3-38\" class=\"gg-link \" data-attachment-id=\"729\" href=\"https:\/\/www.facebook.com\/associationreagirbenfeld\/\" target=\"_blank\" title=\"r\u00e9agir\" rel=\"\" data-type=\"link\" style=\"border-radius: 0px;\" ><FIGURE class=\"grid-gallery-caption \" data-grid-gallery-type=\"none\" data-index=\"15\" style=\"display:none;border-radius: 0px; ; margin: 10.15px; height:100px; width:auto;\" ><div class=\"crop \" style=\" \"><img src=\"http:\/\/www.cfatelier.com\/adc1\/wp-content\/uploads\/2016\/01\/r\u00e9agir-197x100.jpg\" class=\"ggImg ggNotInitImg\" alt=\"r\u00e9agir\" title=\"r\u00e9agir\" data-description=\"r\u00e9agir\" data-caption=\"r\u00e9agir\" data-title=\"r\u00e9agir\" style=\" height:100px; width:auto; \" \/><\/div><FIGCAPTION class=\"\" data-alpha=\"3\" style=\"color:#ffffff; background-color:#003d84; font-size:20px; text-align:center; font-family:Default; opacity:1; bottom:0;\" ><div class=\"grid-gallery-figcaption-wrap\" style=\" vertical-align:top; \"><\/div><\/FIGCAPTION><\/FIGURE><\/a> <div class=\"grid-gallery-clearfix\"><\/div> <\/div> <div class=\"gallery-sharing-bottom\"><\/div> <div class=\"grid-gallery-clearfix\"><\/div> <\/div> <!-- Gallery by Supsystic plugin 1.15.4 --><\/p>\n<\/div><\/div><\/div><\/div><\/div>","protected":false},"excerpt":{"rendered":"<p>L&rsquo;Union Europ\u00e9enne par le biais du FSE et le Conseil D\u00e9partemental du Bas-Rhin sont les principaux financeurs des ADC.Par ailleurs, nous travaillons en collaboration avec l&rsquo;association Paprika avec qui nous partageons les locaux. Nous avons aussi mutualis\u00e9 certains ateliers: cuisine, sport et arts-plastiques.De m\u00eame les ADC se sont associ\u00e9s avec Emmaus Scherwiller qui met \u00e0 [&hellip;]<\/p>\n","protected":false},"author":6,"featured_media":0,"parent":0,"menu_order":0,"comment_status":"closed","ping_status":"closed","template":"page-templates\/template-fullwidth.php","meta":{"_mi_skip_tracking":false},"_links":{"self":[{"href":"https:\/\/www.cfatelier.com\/adc\/wp-json\/wp\/v2\/pages\/46"}],"collection":[{"href":"https:\/\/www.cfatelier.com\/adc\/wp-json\/wp\/v2\/pages"}],"about":[{"href":"https:\/\/www.cfatelier.com\/adc\/wp-json\/wp\/v2\/types\/page"}],"author":[{"embeddable":true,"href":"https:\/\/www.cfatelier.com\/adc\/wp-json\/wp\/v2\/users\/6"}],"replies":[{"embeddable":true,"href":"https:\/\/www.cfatelier.com\/adc\/wp-json\/wp\/v2\/comments?post=46"}],"version-history":[{"count":74,"href":"https:\/\/www.cfatelier.com\/adc\/wp-json\/wp\/v2\/pages\/46\/revisions"}],"predecessor-version":[{"id":710,"href":"https:\/\/www.cfatelier.com\/adc\/wp-json\/wp\/v2\/pages\/46\/revisions\/710"}],"wp:attachment":[{"href":"https:\/\/www.cfatelier.com\/adc\/wp-json\/wp\/v2\/media?parent=46"}],"curies":[{"name":"wp","href":"https:\/\/api.w.org\/{rel}","templated":true}]}}