{"id":499,"date":"2016-01-12T09:38:13","date_gmt":"2016-01-12T08:38:13","guid":{"rendered":"http:\/\/www.cfatelier.com\/adc\/?page_id=499"},"modified":"2016-07-22T13:26:59","modified_gmt":"2016-07-22T12:26:59","slug":"accompagnement-individuel","status":"publish","type":"page","link":"https:\/\/www.cfatelier.com\/adc\/accompagnement-individuel\/","title":{"rendered":"Accompagnement individuel"},"content":{"rendered":"<div id=\"pl-499\"  class=\"panel-layout\" ><div id=\"pg-499-0\"  class=\"panel-grid panel-no-style\" ><div id=\"pgc-499-0-0\"  class=\"panel-grid-cell\" ><div id=\"panel-499-0-0-0\" class=\"so-panel widget widget_sow-editor panel-first-child panel-last-child\" data-index=\"0\" ><div\n\t\t\t\n\t\t\tclass=\"so-widget-sow-editor so-widget-sow-editor-base\"\n\t\t\t\n\t\t>\n<div class=\"siteorigin-widget-tinymce textwidget\">\n\t<h4 style=\"text-align: justify;\">Yamina HEOUAINE, r\u00e9f\u00e9rente insertion, accompagne les b\u00e9n\u00e9ficiaires dans le cadre d\u2019<strong>entretiens individuels r\u00e9guliers<\/strong>.\u00a0<\/h4>\n<h4 style=\"text-align: justify;\">Ces entretiens permettent :<\/h4>\n<ul style=\"list-style-type: disc; text-align: justify;\">\n<li>\n<h4>de <strong>construire des parcours personnalis\u00e9s<\/strong> pour aider chacun \u00e0 <strong>se rapprocher du march\u00e9 du travail<\/strong> \u00e0 son rythme.<\/h4>\n<\/li>\n<li>\n<h4>d\u2019am\u00e9liorer les situations personnelles en recherchant des <strong>solutions aux probl\u00e9matiques individuelles<\/strong> (probl\u00e8mes de gardes, de logement, de sant\u00e9, financiers, administratifs, mobilit\u00e9, difficult\u00e9s personnelles diverses) et en redirigeant vers d\u2019autres structures comp\u00e9tentes en cas de besoin.<\/h4>\n<\/li>\n<li>\n<h4>de <strong>construire et valider un projet professionnel<\/strong> ou de formation, d\u2019aider \u00e0 la recherche d\u2019un stage ou d\u2019une formation.<\/h4>\n<\/li>\n<\/ul>\n<h4 style=\"text-align: justify;\">Des bilans permettent d\u2019\u00e9valuer la progression ainsi que de faire le point sur les comp\u00e9tences et capacit\u00e9s afin de d\u00e9finir de nouveaux objectifs ou une r\u00e9orientation vers un r\u00e9f\u00e9rent professionnel.<\/h4>\n<h4 style=\"text-align: justify;\">Dans le cadre du Revenu de Solidarit\u00e9 Active, les b\u00e9n\u00e9ficiaires d\u00e9finissent leur contrat d\u2019engagement avec Yamina Heouaine, r\u00e9f\u00e9rente RSA, qui en assure le suivi.<\/h4>\n<h4 style=\"text-align: justify;\">\u00a0<\/h4>\n<h4 style=\"text-align: justify;\"><a href=\"http:\/\/www.cfatelier.com\/adc1\/wp-content\/uploads\/2015\/10\/wordle8.png\"><img loading=\"lazy\" class=\"aligncenter wp-image-732 size-full\" src=\"http:\/\/www.cfatelier.com\/adc1\/wp-content\/uploads\/2015\/10\/wordle8.png\" alt=\"\" width=\"812\" height=\"526\" srcset=\"https:\/\/www.cfatelier.com\/adc\/wp-content\/uploads\/2015\/10\/wordle8.png 812w, https:\/\/www.cfatelier.com\/adc\/wp-content\/uploads\/2015\/10\/wordle8-300x194.png 300w, https:\/\/www.cfatelier.com\/adc\/wp-content\/uploads\/2015\/10\/wordle8-768x497.png 768w, https:\/\/www.cfatelier.com\/adc\/wp-content\/uploads\/2015\/10\/wordle8-24x16.png 24w, https:\/\/www.cfatelier.com\/adc\/wp-content\/uploads\/2015\/10\/wordle8-36x23.png 36w, https:\/\/www.cfatelier.com\/adc\/wp-content\/uploads\/2015\/10\/wordle8-48x31.png 48w\" sizes=\"(max-width: 812px) 100vw, 812px\" \/><\/a><\/h4>\n<\/div>\n<\/div><\/div><\/div><\/div><\/div>","protected":false},"excerpt":{"rendered":"<p>Yamina HEOUAINE, r\u00e9f\u00e9rente insertion, accompagne les b\u00e9n\u00e9ficiaires dans le cadre d\u2019entretiens individuels r\u00e9guliers.\u00a0Ces entretiens permettent :de construire des parcours personnalis\u00e9s pour aider chacun \u00e0 se rapprocher du march\u00e9 du travail \u00e0 son rythme.d\u2019am\u00e9liorer les situations personnelles en recherchant des solutions aux probl\u00e9matiques individuelles (probl\u00e8mes de gardes, de logement, de sant\u00e9, financiers, administratifs, mobilit\u00e9, difficult\u00e9s personnelles [&hellip;]<\/p>\n","protected":false},"author":2,"featured_media":0,"parent":0,"menu_order":0,"comment_status":"closed","ping_status":"closed","template":"page-templates\/template-fullwidth.php","meta":{"_mi_skip_tracking":false},"_links":{"self":[{"href":"https:\/\/www.cfatelier.com\/adc\/wp-json\/wp\/v2\/pages\/499"}],"collection":[{"href":"https:\/\/www.cfatelier.com\/adc\/wp-json\/wp\/v2\/pages"}],"about":[{"href":"https:\/\/www.cfatelier.com\/adc\/wp-json\/wp\/v2\/types\/page"}],"author":[{"embeddable":true,"href":"https:\/\/www.cfatelier.com\/adc\/wp-json\/wp\/v2\/users\/2"}],"replies":[{"embeddable":true,"href":"https:\/\/www.cfatelier.com\/adc\/wp-json\/wp\/v2\/comments?post=499"}],"version-history":[{"count":13,"href":"https:\/\/www.cfatelier.com\/adc\/wp-json\/wp\/v2\/pages\/499\/revisions"}],"predecessor-version":[{"id":775,"href":"https:\/\/www.cfatelier.com\/adc\/wp-json\/wp\/v2\/pages\/499\/revisions\/775"}],"wp:attachment":[{"href":"https:\/\/www.cfatelier.com\/adc\/wp-json\/wp\/v2\/media?parent=499"}],"curies":[{"name":"wp","href":"https:\/\/api.w.org\/{rel}","templated":true}]}}