{"id":559,"date":"2016-01-12T16:26:42","date_gmt":"2016-01-12T15:26:42","guid":{"rendered":"http:\/\/www.cfatelier.com\/adc\/?page_id=559"},"modified":"2017-04-21T17:09:07","modified_gmt":"2017-04-21T16:09:07","slug":"actualites","status":"publish","type":"page","link":"https:\/\/www.cfatelier.com\/adc\/actualites\/","title":{"rendered":"Le Blog"},"content":{"rendered":"<h4 class=\"panel-layout\">Une s\u00e9lection d&rsquo;articles r\u00e9dig\u00e9s par les participants aux ateliers Multim\u00e9dia et\u00a0Comp\u00e9tences cl\u00e9s.<\/h4>\n<p>&nbsp;<\/p>\n<div class=\"panel-layout\"><\/div>\n<div id=\"pl-559\" class=\"panel-layout\"><div class=\"pt-cv-wrapper\"><div class=\"pt-cv-view pt-cv-grid pt-cv-colsys\" id=\"pt-cv-view-103459a39c\"><div data-id=\"pt-cv-page-1\" class=\"pt-cv-page\" data-cvc=\"3\"><div class=\"col-md-4 col-sm-6 col-xs-12 pt-cv-content-item pt-cv-1-col\" ><div class='pt-cv-ifield'><a href=\"https:\/\/www.cfatelier.com\/adc\/visite-de-lassociation-humanis\/\" class=\"_blank pt-cv-href-thumbnail pt-cv-thumb-default\" target=\"_blank\" ><img width=\"225\" height=\"225\" src=\"https:\/\/www.cfatelier.com\/adc\/wp-content\/uploads\/2017\/12\/t\u00e9l\u00e9chargement.jpg\" class=\"pt-cv-thumbnail\" alt=\"\" loading=\"lazy\" srcset=\"https:\/\/www.cfatelier.com\/adc\/wp-content\/uploads\/2017\/12\/t\u00e9l\u00e9chargement.jpg 225w, https:\/\/www.cfatelier.com\/adc\/wp-content\/uploads\/2017\/12\/t\u00e9l\u00e9chargement-150x150.jpg 150w\" sizes=\"(max-width: 225px) 100vw, 225px\" \/><\/a>\n<h4 class=\"pt-cv-title\"><a href=\"https:\/\/www.cfatelier.com\/adc\/visite-de-lassociation-humanis\/\" class=\"_blank\" target=\"_blank\" >Visite de l&rsquo;association Humanis<\/a><\/h4>\n<div class=\"pt-cv-content\">Jeudi 23 novembre 2017, nous sommes all\u00e9s \u00e0 Strasbourg pour d\u00e9couvrir les locaux d&rsquo;Humanis. Humanis est un collectif de 106 ...<br \/><a href=\"https:\/\/www.cfatelier.com\/adc\/visite-de-lassociation-humanis\/\" class=\"_blank pt-cv-readmore btn btn-success\" target=\"_blank\">Lire La Suite<\/a><\/div><\/div><\/div>\n<div class=\"col-md-4 col-sm-6 col-xs-12 pt-cv-content-item pt-cv-1-col\" ><div class='pt-cv-ifield'><a href=\"https:\/\/www.cfatelier.com\/adc\/on-purge-bebe\/\" class=\"_blank pt-cv-href-thumbnail pt-cv-thumb-default\" target=\"_blank\" ><img width=\"300\" height=\"203\" src=\"https:\/\/www.cfatelier.com\/adc\/wp-content\/uploads\/2017\/05\/On-purge-b\u00e9b\u00e9-3-300x203.jpg\" class=\"pt-cv-thumbnail\" alt=\"\" loading=\"lazy\" srcset=\"https:\/\/www.cfatelier.com\/adc\/wp-content\/uploads\/2017\/05\/On-purge-b\u00e9b\u00e9-3-300x203.jpg 300w, https:\/\/www.cfatelier.com\/adc\/wp-content\/uploads\/2017\/05\/On-purge-b\u00e9b\u00e9-3.jpg 470w\" sizes=\"(max-width: 300px) 100vw, 300px\" \/><\/a>\n<h4 class=\"pt-cv-title\"><a href=\"https:\/\/www.cfatelier.com\/adc\/on-purge-bebe\/\" class=\"_blank\" target=\"_blank\" >On purge b\u00e9b\u00e9<\/a><\/h4>\n<div class=\"pt-cv-content\">Le 25 avril avec les ADC et quelques coll\u00e8gues de D\u00e9clic de Molsheim nous sommes all\u00e9es voir une pi\u00e8ce de ...<br \/><a href=\"https:\/\/www.cfatelier.com\/adc\/on-purge-bebe\/\" class=\"_blank pt-cv-readmore btn btn-success\" target=\"_blank\">Lire La Suite<\/a><\/div><\/div><\/div>\n<div class=\"col-md-4 col-sm-6 col-xs-12 pt-cv-content-item pt-cv-1-col\" ><div class='pt-cv-ifield'><a href=\"https:\/\/www.cfatelier.com\/adc\/tous-au-parlement\/\" class=\"_blank pt-cv-href-thumbnail pt-cv-thumb-default\" target=\"_blank\" ><img width=\"300\" height=\"200\" src=\"https:\/\/www.cfatelier.com\/adc\/wp-content\/uploads\/2017\/04\/26798810716_a8e4633b32_z-300x200.jpg\" class=\"pt-cv-thumbnail\" alt=\"\" loading=\"lazy\" srcset=\"https:\/\/www.cfatelier.com\/adc\/wp-content\/uploads\/2017\/04\/26798810716_a8e4633b32_z-300x200.jpg 300w, https:\/\/www.cfatelier.com\/adc\/wp-content\/uploads\/2017\/04\/26798810716_a8e4633b32_z-272x182.jpg 272w, https:\/\/www.cfatelier.com\/adc\/wp-content\/uploads\/2017\/04\/26798810716_a8e4633b32_z.jpg 640w\" sizes=\"(max-width: 300px) 100vw, 300px\" \/><\/a>\n<h4 class=\"pt-cv-title\"><a href=\"https:\/\/www.cfatelier.com\/adc\/tous-au-parlement\/\" class=\"_blank\" target=\"_blank\" >Tous au Parlement<\/a><\/h4>\n<div class=\"pt-cv-content\">Le 26 Janvier dernier, nous sommes all\u00e9s visiter le Parlement Europ\u00e9en de Strasbourg. Ce matin l\u00e0, envelopp\u00e9 par la lumi\u00e8re ...<br \/><a href=\"https:\/\/www.cfatelier.com\/adc\/tous-au-parlement\/\" class=\"_blank pt-cv-readmore btn btn-success\" target=\"_blank\">Lire La Suite<\/a><\/div><\/div><\/div>\n<div class=\"col-md-4 col-sm-6 col-xs-12 pt-cv-content-item pt-cv-1-col\" ><div class='pt-cv-ifield'><a href=\"https:\/\/www.cfatelier.com\/adc\/atelier-image-estime-de-soi-redecome\/\" class=\"_blank pt-cv-href-thumbnail pt-cv-thumb-default\" target=\"_blank\" ><img width=\"300\" height=\"150\" src=\"https:\/\/www.cfatelier.com\/adc\/wp-content\/uploads\/2017\/04\/redecome-300x150.jpg\" class=\"pt-cv-thumbnail\" alt=\"\" loading=\"lazy\" srcset=\"https:\/\/www.cfatelier.com\/adc\/wp-content\/uploads\/2017\/04\/redecome-300x150.jpg 300w, https:\/\/www.cfatelier.com\/adc\/wp-content\/uploads\/2017\/04\/redecome.jpg 600w\" sizes=\"(max-width: 300px) 100vw, 300px\" \/><\/a>\n<h4 class=\"pt-cv-title\"><a href=\"https:\/\/www.cfatelier.com\/adc\/atelier-image-estime-de-soi-redecome\/\" class=\"_blank\" target=\"_blank\" >Atelier image et estime de soi avec Red\u00e9come<\/a><\/h4>\n<div class=\"pt-cv-content\">V\u00e9ronique vous parle des ateliers th\u00e9matiques\u00a0\u00ab\u00a0Image et estime de soi\u00a0\u00bb anim\u00e9s par l&rsquo;association R\u00e9d\u00e9come. Cette association, bas\u00e9e \u00e0 Bischheim\u00a0aide les ...<br \/><a href=\"https:\/\/www.cfatelier.com\/adc\/atelier-image-estime-de-soi-redecome\/\" class=\"_blank pt-cv-readmore btn btn-success\" target=\"_blank\">Lire La Suite<\/a><\/div><\/div><\/div>\n<div class=\"col-md-4 col-sm-6 col-xs-12 pt-cv-content-item pt-cv-1-col\" ><div class='pt-cv-ifield'><a href=\"https:\/\/www.cfatelier.com\/adc\/cest-des-volontaires\/\" class=\"_blank pt-cv-href-thumbnail pt-cv-thumb-default\" target=\"_blank\" ><img width=\"300\" height=\"169\" src=\"https:\/\/www.cfatelier.com\/adc\/wp-content\/uploads\/2017\/02\/b\u00e9n\u00e9volat-2-300x169.png\" class=\"pt-cv-thumbnail\" alt=\"\" loading=\"lazy\" srcset=\"https:\/\/www.cfatelier.com\/adc\/wp-content\/uploads\/2017\/02\/b\u00e9n\u00e9volat-2-300x169.png 300w, https:\/\/www.cfatelier.com\/adc\/wp-content\/uploads\/2017\/02\/b\u00e9n\u00e9volat-2-768x432.png 768w, https:\/\/www.cfatelier.com\/adc\/wp-content\/uploads\/2017\/02\/b\u00e9n\u00e9volat-2.png 900w\" sizes=\"(max-width: 300px) 100vw, 300px\" \/><\/a>\n<h4 class=\"pt-cv-title\"><a href=\"https:\/\/www.cfatelier.com\/adc\/cest-des-volontaires\/\" class=\"_blank\" target=\"_blank\" >C&rsquo;est Des Volontaires &#8211; Engagement citoyen<\/a><\/h4>\n<div class=\"pt-cv-content\">Les ADC accompagnent plusieurs b\u00e9n\u00e9ficiaires des minimas sociaux\u00a0engag\u00e9s dans une action de b\u00e9n\u00e9volat dans le cadre du dispositif \u00ab\u00a0C&rsquo;est Des ...<br \/><a href=\"https:\/\/www.cfatelier.com\/adc\/cest-des-volontaires\/\" class=\"_blank pt-cv-readmore btn btn-success\" target=\"_blank\">Lire La Suite<\/a><\/div><\/div><\/div>\n<div class=\"col-md-4 col-sm-6 col-xs-12 pt-cv-content-item pt-cv-1-col\" ><div class='pt-cv-ifield'><a href=\"https:\/\/www.cfatelier.com\/adc\/laide-a-lemploi-pour-les-femmes\/\" class=\"_blank pt-cv-href-thumbnail pt-cv-thumb-default\" target=\"_blank\" ><img width=\"300\" height=\"168\" src=\"https:\/\/www.cfatelier.com\/adc\/wp-content\/uploads\/2016\/05\/images-300x168.jpg\" class=\"pt-cv-thumbnail\" alt=\"\" loading=\"lazy\" \/><\/a>\n<h4 class=\"pt-cv-title\"><a href=\"https:\/\/www.cfatelier.com\/adc\/laide-a-lemploi-pour-les-femmes\/\" class=\"_blank\" target=\"_blank\" >Les aides \u00e0 l&#8217;emploi pour les femmes<\/a><\/h4>\n<div class=\"pt-cv-content\">Ce sujet m&rsquo;a \u00e9t\u00e9 inspir\u00e9 par mon exp\u00e9rience personnelle mais aussi par la rencontre de femmes au ADC et ailleurs, ...<br \/><a href=\"https:\/\/www.cfatelier.com\/adc\/laide-a-lemploi-pour-les-femmes\/\" class=\"_blank pt-cv-readmore btn btn-success\" target=\"_blank\">Lire La Suite<\/a><\/div><\/div><\/div>\n<div class=\"col-md-4 col-sm-6 col-xs-12 pt-cv-content-item pt-cv-1-col\" ><div class='pt-cv-ifield'><a href=\"https:\/\/www.cfatelier.com\/adc\/une-interview\/\" class=\"_blank pt-cv-href-thumbnail pt-cv-thumb-default\" target=\"_blank\" ><img width=\"300\" height=\"199\" src=\"https:\/\/www.cfatelier.com\/adc\/wp-content\/uploads\/2015\/11\/adc-selestat-atelier-expression-de-soi-11-300x199.jpg\" class=\"pt-cv-thumbnail\" alt=\"Projet professionnel\" loading=\"lazy\" srcset=\"https:\/\/www.cfatelier.com\/adc\/wp-content\/uploads\/2015\/11\/adc-selestat-atelier-expression-de-soi-11-300x199.jpg 300w, https:\/\/www.cfatelier.com\/adc\/wp-content\/uploads\/2015\/11\/adc-selestat-atelier-expression-de-soi-11.jpg 900w\" sizes=\"(max-width: 300px) 100vw, 300px\" \/><\/a>\n<h4 class=\"pt-cv-title\"><a href=\"https:\/\/www.cfatelier.com\/adc\/une-interview\/\" class=\"_blank\" target=\"_blank\" >Interview\u00a0d&rsquo;une ancienne b\u00e9n\u00e9ficiaire<\/a><\/h4>\n<div class=\"pt-cv-content\">Nous remercions C\u00e9line d&rsquo;avoir bien voulu r\u00e9pondre \u00e0 nos questions. Quelle \u00e9tait ta situation avant de venir aux ADC\u00a0? Avant ...<br \/><a href=\"https:\/\/www.cfatelier.com\/adc\/une-interview\/\" class=\"_blank pt-cv-readmore btn btn-success\" target=\"_blank\">Lire La Suite<\/a><\/div><\/div><\/div>\n<div class=\"col-md-4 col-sm-6 col-xs-12 pt-cv-content-item pt-cv-1-col\" ><div class='pt-cv-ifield'><a href=\"https:\/\/www.cfatelier.com\/adc\/naissance-du-site-internet-des-adc\/\" class=\"_blank pt-cv-href-thumbnail pt-cv-thumb-default\" target=\"_blank\" ><img width=\"300\" height=\"199\" src=\"https:\/\/www.cfatelier.com\/adc\/wp-content\/uploads\/2015\/10\/DSC_0023-300x199.jpg\" class=\"pt-cv-thumbnail\" alt=\"Multim\u00e9dia\" loading=\"lazy\" srcset=\"https:\/\/www.cfatelier.com\/adc\/wp-content\/uploads\/2015\/10\/DSC_0023-300x199.jpg 300w, https:\/\/www.cfatelier.com\/adc\/wp-content\/uploads\/2015\/10\/DSC_0023.jpg 900w\" sizes=\"(max-width: 300px) 100vw, 300px\" \/><\/a>\n<h4 class=\"pt-cv-title\"><a href=\"https:\/\/www.cfatelier.com\/adc\/naissance-du-site-internet-des-adc\/\" class=\"_blank\" target=\"_blank\" >La cr\u00e9ation du site internet des ADC<\/a><\/h4>\n<div class=\"pt-cv-content\">C'est gr\u00e2ce \u00e0 un formidable travail d'\u00e9quipe, que ce site internet, cr\u00e9\u00e9 par un groupe de b\u00e9n\u00e9ficiaires des ADC dans ...<br \/><a href=\"https:\/\/www.cfatelier.com\/adc\/naissance-du-site-internet-des-adc\/\" class=\"_blank pt-cv-readmore btn btn-success\" target=\"_blank\">Lire La Suite<\/a><\/div><\/div><\/div><\/div><\/div><\/div><\/div>\n","protected":false},"excerpt":{"rendered":"<p>Une s\u00e9lection d&rsquo;articles r\u00e9dig\u00e9s par les participants aux ateliers Multim\u00e9dia et\u00a0Comp\u00e9tences cl\u00e9s. &nbsp;<\/p>\n","protected":false},"author":2,"featured_media":0,"parent":0,"menu_order":0,"comment_status":"closed","ping_status":"closed","template":"page-templates\/template-fullwidth.php","meta":{"_mi_skip_tracking":false},"_links":{"self":[{"href":"https:\/\/www.cfatelier.com\/adc\/wp-json\/wp\/v2\/pages\/559"}],"collection":[{"href":"https:\/\/www.cfatelier.com\/adc\/wp-json\/wp\/v2\/pages"}],"about":[{"href":"https:\/\/www.cfatelier.com\/adc\/wp-json\/wp\/v2\/types\/page"}],"author":[{"embeddable":true,"href":"https:\/\/www.cfatelier.com\/adc\/wp-json\/wp\/v2\/users\/2"}],"replies":[{"embeddable":true,"href":"https:\/\/www.cfatelier.com\/adc\/wp-json\/wp\/v2\/comments?post=559"}],"version-history":[{"count":11,"href":"https:\/\/www.cfatelier.com\/adc\/wp-json\/wp\/v2\/pages\/559\/revisions"}],"predecessor-version":[{"id":1108,"href":"https:\/\/www.cfatelier.com\/adc\/wp-json\/wp\/v2\/pages\/559\/revisions\/1108"}],"wp:attachment":[{"href":"https:\/\/www.cfatelier.com\/adc\/wp-json\/wp\/v2\/media?parent=559"}],"curies":[{"name":"wp","href":"https:\/\/api.w.org\/{rel}","templated":true}]}}